{"id":18907,"date":"2024-01-25T10:40:09","date_gmt":"2024-01-25T09:40:09","guid":{"rendered":"https:\/\/www.bivillage.com\/witamy-w-naszym-klubie\/"},"modified":"2026-01-20T10:07:53","modified_gmt":"2026-01-20T09:07:53","slug":"witamy-w-naszym-klubie","status":"publish","type":"page","link":"https:\/\/www.bivillage.com\/pl\/witamy-w-naszym-klubie\/","title":{"rendered":"Witamy w naszym klubie"},"content":{"rendered":"<div  class=\"grids-section row-elenchi grids-is-advanced alignfull\" style=\"--_gs-gap-desktop:0px 0px;--_gs-m-desktop:0 0 0 0;--_gs-p-desktop:0 0 0 0;--_gs-bg-desktop:transparent none;--_gs-bg-xp-desktop:0px;--_gs-zi-desktop:auto;--_gs-d-desktop:block;--_gs-mw-desktop:calc(100% - 0 - 0);--_gs-gap-tablet:0px 0px;--_gs-m-tablet:0 0 0 0;--_gs-p-tablet:0 0 0 0;--_gs-bg-tablet:transparent none;--_gs-bg-xp-tablet:0px;--_gs-zi-tablet:auto;--_gs-d-tablet:block;--_gs-mw-tablet:calc(100% - 0 - 0);--_gs-gap-mobile:0px 0px;--_gs-m-mobile:0 0 0 0;--_gs-p-mobile:0 0 0 0;--_gs-bg-mobile:transparent none;--_gs-bg-xp-mobile:0px;--_gs-zi-mobile:auto;--_gs-d-mobile:block;--_gs-mw-mobile:calc(100% - 0 - 0);--_gs-columns:12;--_gs-rows:6\"><div class=\"grids-s-w_i\">\n<div class=\"grids-area\" style=\"--_ga-column:2\/12;--_ga-row:1\/3;--_ga-m-desktop:0 0 0 0;--_ga-p-desktop:0 0 0 0;--_ga-bg-desktop:transparent none;--_ga-zi-desktop:auto;--_ga-d-desktop:flex;--_ga-mw-desktop:calc(100% - 0 - 0);--_ga-m-tablet:0 0 0 0;--_ga-p-tablet:0 0 0 0;--_ga-bg-tablet:transparent none;--_ga-zi-tablet:auto;--_ga-d-tablet:flex;--_ga-mw-tablet:calc(100% - 0 - 0);--_ga-m-mobile:0 0 0 0;--_ga-p-mobile:0 0 0 0;--_ga-bg-mobile:transparent none;--_ga-zi-mobile:auto;--_ga-d-mobile:flex;--_ga-mw-mobile:calc(100% - 0 - 0)\">\n\n<h2 class=\"wp-block-heading has-text-align-center\">Drogi Go\u015bciu,<br>Witamy w naszej spo\u0142eczno\u015bci Bi Holiday!<\/h2>\n\n\n\n<p><strong>Go\u015bcinno\u015b\u0107 to nasza praca<\/strong>, pasja i spos\u00f3b bycia.<\/p>\n\n\n\n<p><strong>Od ponad 40 lat priorytetem mojej rodziny jest zapewnienie Wam niezapomnianych wakacji w komfortowych warunkach<\/strong> domowych, ale w innym, przyjemnym otoczeniu i przede wszystkim zaprojektowanym z my\u015bl\u0105 o Waszych potrzebach.<\/p>\n\n\n\n<p>\u017byczymy Ci, aby\u015b te dni, kt\u00f3re sp\u0119dzisz w naszym towarzystwie, zapami\u0119ta\u0142 na zawsze i cz\u0119sto wraca\u0142 do tych wspomnie\u0144 dziel\u0105c si\u0119 nimi z innymi!<\/p>\n\n\n\n<p>To b\u0119dzie nasze powitanie w o\u015brodku wakacyjnym BiVillage w Fazanie w Chorwacji.<\/p>\n\n\n\n<p><strong>Twoja opinia jest dla nas kluczowa<\/strong>! Ch\u0119tnie wys\u0142uchamy Twoich rad, aby Twoja nast\u0119pna wizyta spe\u0142ni\u0142a wszystkie Twoje oczekiwania!<\/p>\n\n\n\n<p>Weso\u0142ych \u015awi\u0105t.<\/p>\n\n\n\n<h2 class=\"wp-block-heading has-text-align-center\">Informacje dotycz\u0105ce podr\u00f3\u017cy<\/h2>\n\n\n\n<div class=\"wp-block-buttons is-layout-flex wp-block-buttons-is-layout-flex\">\n<div class=\"wp-block-button aligncenter\"><a class=\"wp-block-button__link wp-element-button\" href=\"https:\/\/www.bivillage.com\/wp-content\/uploads\/2022\/08\/REGOLAMENTO-IT.pdf\" target=\"_blank\" rel=\"noreferrer noopener\">POBIERZ REGULAMIN<\/a><\/div>\n<\/div>\n\n<\/div>\n<\/div><\/div>\n\n\n<div id=\"spray\" class=\"wp-block-group\"><div class=\"wp-block-group__inner-container is-layout-flow wp-block-group-is-layout-flow\">\t<div id=\"boxTextSlider_2\" class=\"box-text-slider-container-wrapper  \" style=\"background-image: url(https:\/\/www.bivillage.com\/wp-content\/uploads\/2022\/08\/check-in-bivillage-croazia-preview.jpg);--box-text-bck-color: #0a0a0a;--box-text-color: #ffffff;\">\n\n\t\t<div class=\"box-text-slider_content\">\n\t\t\t<h3>ZAMELDOWANIE I WYMELDOWANIE<\/h3>\n<h2>Dla apartament\u00f3w, domk\u00f3w i willi<\/h2>\n<p>Zameldowanie w o\u015brodku mo\u017cliwe jest od godziny 7:00, a zakwaterowanie odbywa si\u0119 wed\u0142ug wcze\u015bniej potwierdzonego harmonogramu. Wymeldowanie z obiektu odbywa si\u0119 w godzinach 07:00-10:00.<\/p>\n\t\t<\/div>\n\n\t\t\t\t\t<div class=\"box-text-slider_slider\">\n\t\t\t\t<div class=\"swiper-wrapper\">\n\t\t\t\t\t\t\t\t\t\t\t\t\t\t\t\t\t<div class=\"box-text-slider_slider_slide swiper-slide\">\n\n\t\t\t\t\t\t\t\t\t\t\t\t\t\t\t<figure class=\"full-width\" style=\"background-color: #9c927f;\">\n\t\t\t\t\t\t\t\t\t<img decoding=\"async\" src=\"https:\/\/www.bivillage.com\/wp-content\/uploads\/2022\/08\/check-in-bivillage-croazia.jpg\" alt=\"\" title=\"Mobile home al villaggio vacanze BiVillage\" \/>\n\t\t\t\t\t\t\t\t<\/figure>\n\t\t\t\t\t\t\t\n\t\t\t\t\t\t\t\n\t\t\t\t\t\t\t\t\t\t\t\t\t\t\t\t\t<div class=\"box-text-slider_slider_slide_title\">\n\t\t\t\t\t\t\t\t\t\tZameldowanie od 7:00\t\t\t\t\t\t\t\t\t\t\t\t\t\t\t\t\n\t\t\t\t\t\t\t\t<\/div>\n\t\t\t\t\t\t\t\t\t\t\t\t\t<\/div>\n\t\t\t\t\t\t\n\t\t\t\t\t\t\t\t\t\t\t\t\t\t\t\t\t<div class=\"box-text-slider_slider_slide swiper-slide\">\n\n\t\t\t\t\t\t\t\t\t\t\t\t\t\t\t<figure class=\"full-width\" style=\"background-color: #8b7e73;\">\n\t\t\t\t\t\t\t\t\t<img decoding=\"async\" src=\"https:\/\/www.bivillage.com\/wp-content\/uploads\/2022\/08\/check-out-bivillage-croazia.jpg\" alt=\"\" title=\"Spiaggia del BiVillage\" \/>\n\t\t\t\t\t\t\t\t<\/figure>\n\t\t\t\t\t\t\t\n\t\t\t\t\t\t\t\n\t\t\t\t\t\t\t\t\t\t\t\t\t\t\t\t\t<div class=\"box-text-slider_slider_slide_title\">\n\t\t\t\t\t\t\t\t\t\tWymeldowanie od 7:00 do 10:00.\t\t\t\t\t\t\t\t\t\t\t\t\t\t\t\t\n\t\t\t\t\t\t\t\t<\/div>\n\t\t\t\t\t\t\t\t\t\t\t\t\t<\/div>\n\t\t\t\t\t\t\n\t\t\t\t\t\t\t\t\t<\/div>\n\t\t\t\t\n\t\t\t\t\t\t\t\t\t<div class=\"slider-list-navigation\">\n\t\t\t\t\t\t<div class=\"swiper-button-next\"><\/div>\n\t\t\t\t\t\t<div class=\"swiper-button-prev\"><\/div>\n\t\t\t\t\t<\/div>\n\t\t\t\t\t\t\t<\/div>\n\t\t\t<\/div>\n\n\t\t\t<script type=\"text\/javascript\">\n\t\t\tjQuery(document).ready(function () {\n\t\t\t\t\/\/ initialize swiper when document ready\n\t\t\t\tvar boxTextSlider_2 = new Swiper ('#boxTextSlider_2 .box-text-slider_slider', {\n\t\t\t\t\tslidesPerView: 'auto',\n\t\t\t\t\tspaceBetween: 50,\n\t\t\t\t\tobserver: true,\n\t\t\t\t\tobserveParents: true,\n\t\t\t\t\tnavigation: {\n\t\t\t\t\t\tnextEl: '#boxTextSlider_2 .box-text-slider_slider .slider-list-navigation .swiper-button-next',\n\t\t\t\t\t\tprevEl: '#boxTextSlider_2 .box-text-slider_slider .slider-list-navigation .swiper-button-prev',\n\t\t\t\t\t}\n\t\t\t\t});\n\t\t\t});\n\t\t<\/script>\n\t\n\n\n\n\t<div id=\"boxTextSlider_3\" class=\"box-text-slider-container-wrapper  \" style=\"background-image: url(https:\/\/www.bivillage.com\/wp-content\/uploads\/2022\/08\/check-out-bivillage-croazia-preview.jpg);--box-text-bck-color: #0a0a0a;--box-text-color: #ffffff;\">\n\n\t\t<div class=\"box-text-slider_content\">\n\t\t\t<h3>ZAMELDOWANIE I WYMELDOWANIE<\/h3>\n<h2>Dla parceli<\/h2>\n<p><strong>Parcele s\u0105 dost\u0119pne dla go\u015bci od godziny 12:00<\/strong>. Je\u017cli w dniu przyjazdu, podczas meldunku, parcela jest wolna to po uzyskaniu zgody pracownika o\u015brodka mo\u017cna z niej od razu korzysta\u0107. Parcel\u0119 nale\u017cy opu\u015bci\u0107 <strong>do godziny 12:00.<\/strong> Przed\u0142u\u017cenie pobytu jest mo\u017cliwe wy\u0142\u0105cznie po uzyskaniu wcze\u015bniejszej zgody, w przeciwnym razie nale\u017cy ui\u015bci\u0107 op\u0142at\u0119 za kolejn\u0105 noc.<\/p>\n\t\t<\/div>\n\n\t\t\t\t\t<div class=\"box-text-slider_slider\">\n\t\t\t\t<div class=\"swiper-wrapper\">\n\t\t\t\t\t\t\t\t\t\t\t\t\t\t\t\t\t<div class=\"box-text-slider_slider_slide swiper-slide\">\n\n\t\t\t\t\t\t\t\t\t\t\t\t\t\t\t<figure class=\"full-width\" style=\"background-color: #8c8375;\">\n\t\t\t\t\t\t\t\t\t<img decoding=\"async\" src=\"https:\/\/www.bivillage.com\/wp-content\/uploads\/2022\/08\/check-in-piazzole-bivillage-croazia.jpg\" alt=\"\" title=\"famiglia in piazzola al BiVillage\" \/>\n\t\t\t\t\t\t\t\t<\/figure>\n\t\t\t\t\t\t\t\n\t\t\t\t\t\t\t\n\t\t\t\t\t\t\t\t\t\t\t\t\t\t\t\t\t<div class=\"box-text-slider_slider_slide_title\">\n\t\t\t\t\t\t\t\t\t\tZameldowanie od 7:00\t\t\t\t\t\t\t\t\t\t\t\t\t\t\t\t\n\t\t\t\t\t\t\t\t<\/div>\n\t\t\t\t\t\t\t\t\t\t\t\t\t<\/div>\n\t\t\t\t\t\t\n\t\t\t\t\t\t\t\t\t\t\t\t\t\t\t\t\t<div class=\"box-text-slider_slider_slide swiper-slide\">\n\n\t\t\t\t\t\t\t\t\t\t\t\t\t\t\t<figure class=\"full-width\" style=\"background-color: #67685c;\">\n\t\t\t\t\t\t\t\t\t<img decoding=\"async\" src=\"https:\/\/www.bivillage.com\/wp-content\/uploads\/2022\/08\/check-out-bivillage-croazia-02.jpg\" alt=\"\" title=\"piazzole al BiVillage in Croazia\" \/>\n\t\t\t\t\t\t\t\t<\/figure>\n\t\t\t\t\t\t\t\n\t\t\t\t\t\t\t\n\t\t\t\t\t\t\t\t\t\t\t\t\t\t\t\t\t<div class=\"box-text-slider_slider_slide_title\">\n\t\t\t\t\t\t\t\t\t\tWymeldowanie do godziny 12:00\t\t\t\t\t\t\t\t\t\t\t\t\t\t\t\t\n\t\t\t\t\t\t\t\t<\/div>\n\t\t\t\t\t\t\t\t\t\t\t\t\t<\/div>\n\t\t\t\t\t\t\n\t\t\t\t\t\t\t\t\t<\/div>\n\t\t\t\t\n\t\t\t\t\t\t\t\t\t<div class=\"slider-list-navigation\">\n\t\t\t\t\t\t<div class=\"swiper-button-next\"><\/div>\n\t\t\t\t\t\t<div class=\"swiper-button-prev\"><\/div>\n\t\t\t\t\t<\/div>\n\t\t\t\t\t\t\t<\/div>\n\t\t\t<\/div>\n\n\t\t\t<script type=\"text\/javascript\">\n\t\t\tjQuery(document).ready(function () {\n\t\t\t\t\/\/ initialize swiper when document ready\n\t\t\t\tvar boxTextSlider_3 = new Swiper ('#boxTextSlider_3 .box-text-slider_slider', {\n\t\t\t\t\tslidesPerView: 'auto',\n\t\t\t\t\tspaceBetween: 50,\n\t\t\t\t\tobserver: true,\n\t\t\t\t\tobserveParents: true,\n\t\t\t\t\tnavigation: {\n\t\t\t\t\t\tnextEl: '#boxTextSlider_3 .box-text-slider_slider .slider-list-navigation .swiper-button-next',\n\t\t\t\t\t\tprevEl: '#boxTextSlider_3 .box-text-slider_slider .slider-list-navigation .swiper-button-prev',\n\t\t\t\t\t}\n\t\t\t\t});\n\t\t\t});\n\t\t<\/script>\n\t\n\n<\/div><\/div>\n\n\n<div  class=\"grids-section row-information grids-is-advanced alignfull\" style=\"--_gs-gap-desktop:0px 0px;--_gs-m-desktop:0 0 0 0;--_gs-p-desktop:0 0 0 0;--_gs-bg-desktop:#006293 none;--_gs-bg-xp-desktop:0px;--_gs-zi-desktop:auto;--_gs-d-desktop:block;--_gs-mw-desktop:calc(100% - 0 - 0);--_gs-gap-tablet:0px 0px;--_gs-m-tablet:0 0 0 0;--_gs-p-tablet:0 0 0 0;--_gs-bg-tablet:#006293 none;--_gs-bg-xp-tablet:0px;--_gs-zi-tablet:auto;--_gs-d-tablet:block;--_gs-mw-tablet:calc(100% - 0 - 0);--_gs-gap-mobile:0px 0px;--_gs-m-mobile:0 0 0 0;--_gs-p-mobile:0 0 0 0;--_gs-bg-mobile:#006293 none;--_gs-bg-xp-mobile:0px;--_gs-zi-mobile:auto;--_gs-d-mobile:block;--_gs-mw-mobile:calc(100% - 0 - 0);--_gs-columns:12;--_gs-rows:6\"><div class=\"grids-s-w_i\">\n<div class=\"grids-area\" style=\"--_ga-column:1\/4;--_ga-row:1\/7;--_ga-va:center;--_ga-m-desktop:0 0 0 0;--_ga-p-desktop:0 0 0 0;--_ga-bg-desktop:transparent none;--_ga-zi-desktop:auto;--_ga-d-desktop:flex;--_ga-mw-desktop:calc(100% - 0 - 0);--_ga-m-tablet:0 0 0 0;--_ga-p-tablet:0 0 0 0;--_ga-bg-tablet:transparent none;--_ga-zi-tablet:auto;--_ga-d-tablet:flex;--_ga-mw-tablet:calc(100% - 0 - 0);--_ga-m-mobile:0 0 0 0;--_ga-p-mobile:0 0 0 0;--_ga-bg-mobile:transparent none;--_ga-zi-mobile:auto;--_ga-d-mobile:flex;--_ga-mw-mobile:calc(100% - 0 - 0)\"><\/div>\n\n<div class=\"grids-area\" style=\"--_ga-column:4\/10;--_ga-row:1\/7;--_ga-va:center;--_ga-m-desktop:0 0 0 0;--_ga-p-desktop:0 0 0 0;--_ga-bg-desktop:transparent none;--_ga-zi-desktop:auto;--_ga-d-desktop:flex;--_ga-mw-desktop:calc(100% - 0 - 0);--_ga-m-tablet:0 0 0 0;--_ga-p-tablet:0 0 0 0;--_ga-bg-tablet:transparent none;--_ga-zi-tablet:auto;--_ga-d-tablet:flex;--_ga-mw-tablet:calc(100% - 0 - 0);--_ga-m-mobile:0 0 0 0;--_ga-p-mobile:0 0 0 0;--_ga-bg-mobile:transparent none;--_ga-zi-mobile:auto;--_ga-d-mobile:flex;--_ga-mw-mobile:calc(100% - 0 - 0)\">\n\n<h2 class=\"wp-block-heading has-text-align-center\">Metody p\u0142atno\u015bci<\/h2>\n\n\n\n<p class=\"has-text-align-center\"><strong>Godziny p\u0142atno\u015bci<\/strong>: poza sezonem 8-15, w sezonie (01\/07 &#8211; 31\/08) 8-20<\/p>\n\n\n\n<p class=\"has-text-align-center\"><strong>Pozosta\u0142a cz\u0119\u015b\u0107<\/strong> op\u0142aty za pobyt musi zosta\u0107 uregulowana w trakcie pobytu, <strong>co najmniej jeden dzie\u0144 przed dat\u0105 wyjazdu<\/strong>. P\u0142atno\u015b\u0107 jest mo\u017cliwa<\/p>\n\n\n\n<ul class=\"wp-block-list\">\n<li>w Euro<\/li>\n\n\n\n<li>zagraniczne karty kredytowe i debetowe. Limit p\u0142atno\u015bci kart\u0105 jest ustalany przez bank wydaj\u0105cy kart\u0119.<\/li>\n<\/ul>\n\n\n\n<p class=\"has-text-align-center\">Po przybyciu do kasy nale\u017cy <strong>okaza\u0107 formularz rejestracyjny<\/strong>, kt\u00f3ry jest wr\u0119czany podczas zameldowania.<\/p>\n\n\n\n<div class=\"wp-block-buttons is-layout-flex wp-block-buttons-is-layout-flex\"><\/div>\n\n<\/div>\n\n<div class=\"grids-area\" style=\"--_ga-column:10\/13;--_ga-row:1\/7;--_ga-va:center;--_ga-m-desktop:0 0 0 0;--_ga-p-desktop:0 0 0 0;--_ga-bg-desktop:transparent none;--_ga-zi-desktop:auto;--_ga-d-desktop:flex;--_ga-mw-desktop:calc(100% - 0 - 0);--_ga-m-tablet:0 0 0 0;--_ga-p-tablet:0 0 0 0;--_ga-bg-tablet:transparent none;--_ga-zi-tablet:auto;--_ga-d-tablet:flex;--_ga-mw-tablet:calc(100% - 0 - 0);--_ga-m-mobile:0 0 0 0;--_ga-p-mobile:0 0 0 0;--_ga-bg-mobile:transparent none;--_ga-zi-mobile:auto;--_ga-d-mobile:flex;--_ga-mw-mobile:calc(100% - 0 - 0)\"><\/div>\n<\/div><\/div>\n\n<div  class=\"grids-section row-elenchi grids-is-advanced alignfull\" style=\"--_gs-gap-desktop:0px 0px;--_gs-m-desktop:0 0 0 0;--_gs-p-desktop:0 0 0 0;--_gs-bg-desktop:transparent none;--_gs-bg-xp-desktop:0px;--_gs-zi-desktop:auto;--_gs-d-desktop:block;--_gs-mw-desktop:calc(100% - 0 - 0);--_gs-gap-tablet:0px 0px;--_gs-m-tablet:0 0 0 0;--_gs-p-tablet:0 0 0 0;--_gs-bg-tablet:transparent none;--_gs-bg-xp-tablet:0px;--_gs-zi-tablet:auto;--_gs-d-tablet:block;--_gs-mw-tablet:calc(100% - 0 - 0);--_gs-gap-mobile:0px 0px;--_gs-m-mobile:0 0 0 0;--_gs-p-mobile:0 0 0 0;--_gs-bg-mobile:transparent none;--_gs-bg-xp-mobile:0px;--_gs-zi-mobile:auto;--_gs-d-mobile:block;--_gs-mw-mobile:calc(100% - 0 - 0);--_gs-columns:12;--_gs-rows:6\"><div class=\"grids-s-w_i\">\n<div class=\"grids-area\" style=\"--_ga-column:2\/12;--_ga-row:1\/3;--_ga-m-desktop:0 0 0 0;--_ga-p-desktop:0 0 0 0;--_ga-bg-desktop:transparent none;--_ga-zi-desktop:auto;--_ga-d-desktop:flex;--_ga-mw-desktop:calc(100% - 0 - 0);--_ga-m-tablet:0 0 0 0;--_ga-p-tablet:0 0 0 0;--_ga-bg-tablet:transparent none;--_ga-zi-tablet:auto;--_ga-d-tablet:flex;--_ga-mw-tablet:calc(100% - 0 - 0);--_ga-m-mobile:0 0 0 0;--_ga-p-mobile:0 0 0 0;--_ga-bg-mobile:transparent none;--_ga-zi-mobile:auto;--_ga-d-mobile:flex;--_ga-mw-mobile:calc(100% - 0 - 0)\">\n\n<h2 class=\"wp-block-heading has-text-align-center\">Harmonogram ciszy<\/h2>\n\n\n\n<p><strong>13:00 &#8211; 15:00 z wy\u0142\u0105czeniem sob\u00f3t<br>00:00 &#8211; 07:00 codziennie<\/strong><\/p>\n\n\n\n<p>Nale\u017cy pami\u0119ta\u0107, \u017ce samochody i motocykle nie mog\u0105 wje\u017cd\u017ca\u0107 \/ wyje\u017cd\u017ca\u0107 i porusza\u0107 si\u0119 po o\u015brodku w tych godzinach. Nale\u017cy unika\u0107 wszelkich aktywno\u015bci, kt\u00f3re mog\u0105 przeszkadza\u0107 innym go\u015bciom w o\u015brodku.<\/p>\n\n\n\n<h2 class=\"wp-block-heading has-text-align-center\">Us\u0142uga sprz\u0105tania<\/h2>\n\n\n\n<p><strong>Sprz\u0105tanie ko\u0144cowe wliczone jest w cen\u0119 pobytu<\/strong>.<\/p>\n\n\n\n<p>Prosimy o zostawienie obiektu w nienagannym stanie. Je\u015bli pobyt przekracza tydzie\u0144, po\u015bciel i r\u0119czniki zmieniane s\u0105 w niedziele w ci\u0105gu dnia. W takim przypadku prosimy o wcze\u015bniejsze z\u0142o\u017cenie brudnej po\u015bcieli i r\u0119cznik\u00f3w, kt\u00f3re zostan\u0105 wymienione w niedziel\u0119.<\/p>\n\n\n\t<div id=\"sliderImgText_4\" class=\"slider-img-text-container-wrapper slides-view-auto\">\n\t\t<div class=\"swiper-wrapper\">\n\t\t\t\t\t\t\t\t\t\t\t<div class=\"single-slide-img-text swiper-slide\">\n\t\t\t\t\t<figure class=\"full-width\" style=\"background-color: #627a6b;\">\n\t\t\t\t\t\t<img decoding=\"async\" src=\"https:\/\/www.bivillage.com\/wp-content\/uploads\/2022\/08\/shield.png\" width=\"128\" height=\"128\" \/>\n\t\t\t\t\t<\/figure>\n\t\t\t\t\t\t\n\t\t\t\t\t\t\t\t\t\t\t<h2>Bezpiecze\u0144stwo<\/h2>\n\t\t\t\t\t\n\t\t\t\t\t\t\t\t\t\t\t<div class=\"single-slide-img-text-content\">\n\t\t\t\t\t\t\t<p>Biura i obszary wsp\u00f3lne s\u0105 wyposa\u017cone w <strong>os\u0142ony antykropelkowe<\/strong> i dozowniki \u017celu dezynfekuj\u0105cego.<\/p>\n<p>Wszystkie powierzchnie kontaktowe i pod\u0142ogi s\u0105 dezynfekowane <strong>detergentami<\/strong>. Po\u015bciel i r\u0119czniki k\u0105pielowe s\u0105 dezynfekowane zgodnie z obowi\u0105zuj\u0105cymi przepisami.<\/p>\n\t\t\t\t\t\t<\/div>\n\t\t\t\t\t\t\t\t\t<\/div>\n\t\t\t\t\n\t\t\t\t\t\t\t\t\t\t\t<div class=\"single-slide-img-text swiper-slide\">\n\t\t\t\t\t<figure class=\"full-width\" style=\"background-color: #4c453c;\">\n\t\t\t\t\t\t<img decoding=\"async\" src=\"https:\/\/www.bivillage.com\/wp-content\/uploads\/2022\/08\/doctor.png\" width=\"128\" height=\"128\" \/>\n\t\t\t\t\t<\/figure>\n\t\t\t\t\t\t\n\t\t\t\t\t\t\t\t\t\t\t<h2>Lekarz<\/h2>\n\t\t\t\t\t\n\t\t\t\t\t\t\t\t\t\t\t<div class=\"single-slide-img-text-content\">\n\t\t\t\t\t\t\t<p><strong>Codziennie w o\u015brodku, za dodatkow\u0105 op\u0142at\u0105 dost\u0119pna, jest s\u0142u\u017cba medyczna<\/strong> wyposa\u017cona w sprz\u0119t do leczenia ran i oparze\u0144, mierzenia ci\u015bnienia krwi oraz udzielania pierwszej pomocy i dora\u017anej pomocy w nag\u0142ych wypadkach.<\/p>\n<p>W punkcie medycznym mo\u017cna wykona\u0107 test na <strong>Covid 19<\/strong> i testy PCR. Punkt medyczny znajduje si\u0119 obok supermarketu.<\/p>\n\t\t\t\t\t\t<\/div>\n\t\t\t\t\t\t\t\t\t<\/div>\n\t\t\t\t\n\t\t\t\t\t\t\t\t\t\t\t<div class=\"single-slide-img-text swiper-slide\">\n\t\t\t\t\t<figure class=\"full-width\" style=\"background-color: #977c80;\">\n\t\t\t\t\t\t<img decoding=\"async\" src=\"https:\/\/www.bivillage.com\/wp-content\/uploads\/2022\/08\/first-aid-kit.png\" width=\"128\" height=\"128\" \/>\n\t\t\t\t\t<\/figure>\n\t\t\t\t\t\t\n\t\t\t\t\t\t\t\t\t\t\t<h2>Szpital, weterynarz i pediatra<\/h2>\n\t\t\t\t\t\n\t\t\t\t\t\t\t\t\t\t\t<div class=\"single-slide-img-text-content\">\n\t\t\t\t\t\t\t<p>Aby skontaktowa\u0107 si\u0119 z lekarzem weterynarii lub pediatr\u0105 lub uzyska\u0107 informacje o najbli\u017cszym szpitalu, nale\u017cy skontaktowa\u0107 si\u0119 z biurem obs\u0142ugi klienta lub recepcj\u0105.<\/p>\n\t\t\t\t\t\t<\/div>\n\t\t\t\t\t\t\t\t\t<\/div>\n\t\t\t\t\n\t\t\t\t\t\t\t\t\t\t\t<div class=\"single-slide-img-text swiper-slide\">\n\t\t\t\t\t<figure class=\"full-width\" style=\"background-color: #252a2c;\">\n\t\t\t\t\t\t<img decoding=\"async\" src=\"https:\/\/www.bivillage.com\/wp-content\/uploads\/2022\/08\/lifebuoy.png\" width=\"128\" height=\"128\" \/>\n\t\t\t\t\t<\/figure>\n\t\t\t\t\t\t\n\t\t\t\t\t\t\t\t\t\t\t<h2>Ratownik<\/h2>\n\t\t\t\t\t\n\t\t\t\t\t\t\t\t\t\t\t<div class=\"single-slide-img-text-content\">\n\t\t\t\t\t\t\t<p>Na <strong>wie\u017cach ratowniczych <\/strong>obecni s\u0105 ratownicy.<\/p>\n<p>W centralnej wie\u017cy znajduje si\u0119 <strong>defibrylator<\/strong>.<\/p>\n<p>Znaczenie flag.<br \/>\n<strong>Czerwony:<\/strong> zakaz k\u0105pieli.<br \/>\n<strong>\u017b\u00f3\u0142ty:<\/strong> obowi\u0105zek zamkni\u0119cia parasoli i zachowania ostro\u017cno\u015bci<br \/>\n<strong>Bia\u0142y:<\/strong> odpowiednie warunki do k\u0105pieli.<\/p>\n\t\t\t\t\t\t<\/div>\n\t\t\t\t\t\t\t\t\t<\/div>\n\t\t\t\t\n\t\t\t\t\t<\/div>\n\n\t\t\t\t\t<div class=\"slider-list-navigation\">\n\t\t\t\t<div class=\"swiper-button-next\"><\/div>\n\t\t\t\t<div class=\"swiper-button-prev\"><\/div>\n\t\t\t<\/div>\n\t\t\t<\/div>\n\n\t\t\t<script type=\"text\/javascript\">\n\t\t\tjQuery(document).ready(function () {\n\t\t\t\t\/\/ initialize swiper when document ready\n\t\t\t\tvar sliderImgText_4 = new Swiper ('#sliderImgText_4.slider-img-text-container-wrapper', {\n\t\t\t\t\tslidesPerView: 'auto',\n\t\t\t\t\tspaceBetween: 50,\n\t\t\t\t\tobserver: true,\n\t\t\t\t\tobserveParents: true,\n\t\t\t\t\tnavigation: {\n\t\t\t\t\t\tnextEl: '#sliderImgText_4 .slider-list-navigation .swiper-button-next',\n\t\t\t\t\t\tprevEl: '#sliderImgText_4 .slider-list-navigation .swiper-button-prev',\n\t\t\t\t\t}\n\t\t\t\t});\n\t\t\t});\n\t\t<\/script>\n\t\n\n\n<\/div>\n<\/div><\/div>\n\n<div  class=\"grids-section row-information grids-is-advanced alignfull\" style=\"--_gs-gap-desktop:0px 0px;--_gs-m-desktop:0 0 0 0;--_gs-p-desktop:0 0 0 0;--_gs-bg-desktop:#64b95b none;--_gs-bg-xp-desktop:0px;--_gs-zi-desktop:auto;--_gs-d-desktop:block;--_gs-mw-desktop:calc(100% - 0 - 0);--_gs-gap-tablet:0px 0px;--_gs-m-tablet:0 0 0 0;--_gs-p-tablet:0 0 0 0;--_gs-bg-tablet:#64b95b none;--_gs-bg-xp-tablet:0px;--_gs-zi-tablet:auto;--_gs-d-tablet:block;--_gs-mw-tablet:calc(100% - 0 - 0);--_gs-gap-mobile:0px 0px;--_gs-m-mobile:0 0 0 0;--_gs-p-mobile:0 0 0 0;--_gs-bg-mobile:#64b95b none;--_gs-bg-xp-mobile:0px;--_gs-zi-mobile:auto;--_gs-d-mobile:block;--_gs-mw-mobile:calc(100% - 0 - 0);--_gs-columns:12;--_gs-rows:6\"><div class=\"grids-s-w_i\">\n<div class=\"grids-area\" style=\"--_ga-column:1\/4;--_ga-row:1\/7;--_ga-va:center;--_ga-m-desktop:0 0 0 0;--_ga-p-desktop:0 0 0 0;--_ga-bg-desktop:transparent none;--_ga-zi-desktop:auto;--_ga-d-desktop:flex;--_ga-mw-desktop:calc(100% - 0 - 0);--_ga-m-tablet:0 0 0 0;--_ga-p-tablet:0 0 0 0;--_ga-bg-tablet:transparent none;--_ga-zi-tablet:auto;--_ga-d-tablet:flex;--_ga-mw-tablet:calc(100% - 0 - 0);--_ga-m-mobile:0 0 0 0;--_ga-p-mobile:0 0 0 0;--_ga-bg-mobile:transparent none;--_ga-zi-mobile:auto;--_ga-d-mobile:flex;--_ga-mw-mobile:calc(100% - 0 - 0)\"><\/div>\n\n<div class=\"grids-area\" style=\"--_ga-column:4\/10;--_ga-row:1\/7;--_ga-va:center;--_ga-m-desktop:0 0 0 0;--_ga-p-desktop:0 0 0 0;--_ga-bg-desktop:transparent none;--_ga-zi-desktop:auto;--_ga-d-desktop:flex;--_ga-mw-desktop:calc(100% - 0 - 0);--_ga-m-tablet:0 0 0 0;--_ga-p-tablet:0 0 0 0;--_ga-bg-tablet:transparent none;--_ga-zi-tablet:auto;--_ga-d-tablet:flex;--_ga-mw-tablet:calc(100% - 0 - 0);--_ga-m-mobile:0 0 0 0;--_ga-p-mobile:0 0 0 0;--_ga-bg-mobile:transparent none;--_ga-zi-mobile:auto;--_ga-d-mobile:flex;--_ga-mw-mobile:calc(100% - 0 - 0)\">\n\n<h2 class=\"wp-block-heading has-text-align-center has-white-color has-text-color\">Przydatne numery<\/h2>\n\n\n\n<p class=\"has-text-align-center has-white-color has-text-color\"><strong>OG\u00d3LNY NUMER ALARMOWY<\/strong><br>112<\/p>\n\n\n\n<p class=\"has-text-align-center has-white-color has-text-color\"><strong>STAN ZAGRO\u017bENIA ZDROWIA<\/strong><br>194<\/p>\n\n\n\n<p class=\"has-text-align-center has-white-color has-text-color\"><strong>STRA\u017b PO\u017bARNA<\/strong><br>193<\/p>\n\n\n\n<p class=\"has-text-align-center has-white-color has-text-color\"><strong>POLICJA<\/strong><br>192<\/p>\n\n\n\n<p class=\"has-text-align-center has-white-color has-text-color\"><strong>RECEPCJA<\/strong><br>W razie potrzeby mo\u017cna skontaktowa\u0107 si\u0119 z <strong>ca\u0142odobow\u0105 <\/strong>recepcj\u0105 lub zadzwoni\u0107 pod numer <a style=\"color: #ffffff;\" href=\"tel:0038552300305\">00385 52 300 305<\/a> lub <a style=\"color: #ffffff;\" href=\"tel:00385992114895\">00385 99 21 14 895<\/a>.<\/p>\n\n\n\n<div class=\"wp-block-buttons is-layout-flex wp-block-buttons-is-layout-flex\"><\/div>\n\n<\/div>\n\n<div class=\"grids-area\" style=\"--_ga-column:10\/13;--_ga-row:1\/7;--_ga-va:center;--_ga-m-desktop:0 0 0 0;--_ga-p-desktop:0 0 0 0;--_ga-bg-desktop:transparent none;--_ga-zi-desktop:auto;--_ga-d-desktop:flex;--_ga-mw-desktop:calc(100% - 0 - 0);--_ga-m-tablet:0 0 0 0;--_ga-p-tablet:0 0 0 0;--_ga-bg-tablet:transparent none;--_ga-zi-tablet:auto;--_ga-d-tablet:flex;--_ga-mw-tablet:calc(100% - 0 - 0);--_ga-m-mobile:0 0 0 0;--_ga-p-mobile:0 0 0 0;--_ga-bg-mobile:transparent none;--_ga-zi-mobile:auto;--_ga-d-mobile:flex;--_ga-mw-mobile:calc(100% - 0 - 0)\"><\/div>\n<\/div><\/div>\n\n<div  class=\"grids-section grids-is-advanced alignwide\" style=\"--_gs-gap-desktop:0px 0px;--_gs-m-desktop:0 0 0 0;--_gs-p-desktop:0 0 0 0;--_gs-bg-desktop:transparent none;--_gs-bg-xp-desktop:0px;--_gs-zi-desktop:auto;--_gs-d-desktop:block;--_gs-mw-desktop:calc(100% - 0 - 0);--_gs-gap-tablet:0px 0px;--_gs-m-tablet:0 0 0 0;--_gs-p-tablet:0 0 0 0;--_gs-bg-tablet:transparent none;--_gs-bg-xp-tablet:0px;--_gs-zi-tablet:auto;--_gs-d-tablet:block;--_gs-mw-tablet:calc(100% - 0 - 0);--_gs-gap-mobile:0px 0px;--_gs-m-mobile:0 0 0 0;--_gs-p-mobile:0 0 0 0;--_gs-bg-mobile:transparent none;--_gs-bg-xp-mobile:0px;--_gs-zi-mobile:auto;--_gs-d-mobile:block;--_gs-mw-mobile:calc(100% - 0 - 0);--_gs-columns:12;--_gs-rows:6\"><div class=\"grids-s-w_i\">\n<div class=\"grids-area\" style=\"--_ga-column:2\/12;--_ga-row:1\/7;--_ga-m-desktop:0 0 0 0;--_ga-p-desktop:0 0 0 0;--_ga-bg-desktop:transparent none;--_ga-zi-desktop:auto;--_ga-d-desktop:flex;--_ga-mw-desktop:calc(100% - 0 - 0);--_ga-m-tablet:0 0 0 0;--_ga-p-tablet:0 0 0 0;--_ga-bg-tablet:transparent none;--_ga-zi-tablet:auto;--_ga-d-tablet:flex;--_ga-mw-tablet:calc(100% - 0 - 0);--_ga-m-mobile:0 0 0 0;--_ga-p-mobile:0 0 0 0;--_ga-bg-mobile:transparent none;--_ga-zi-mobile:auto;--_ga-d-mobile:flex;--_ga-mw-mobile:calc(100% - 0 - 0)\">\n\n<h3 class=\"wp-block-heading\"><strong>FAQ &#8211; najcz\u0119\u015bciej zadawane pytania<\/strong><\/h3>\n\n\n\n<ul class=\"wp-block-list\">\n<li><a href=\"#generali\">Informacje og\u00f3lne<\/a><\/li>\n\n\n\n<li><a href=\"#villaggio\">Informacje o o\u015brodku<\/a><\/li>\n\n\n\n<li><a href=\"#alloggi\">Informacje o zakwaterowaniu<\/a><\/li>\n\n\n\n<li><a href=\"#campeggio\">Informacje o kempingu<\/a><\/li>\n<\/ul>\n\n\n\n<div style=\"height:30px\" aria-hidden=\"true\" class=\"wp-block-spacer\"><\/div>\n\n\n\n<h2 class=\"wp-block-heading\" id=\"generali\">Informacje og\u00f3lne<\/h2>\n\n\n\n<div class=\"wp-block-advgb-accordions advgb-accordions-e97e398d-5360-4045-9ec3-8b5f262eac85 advgb-accordion-wrapper\">\n<div class=\"wp-block-advgb-accordion-item advgb-accordion-item\" style=\"margin-bottom:15px\"><div class=\"advgb-accordion-header\" style=\"background-color:#FFFFFF;color:#000000;border-style:solid;border-width:1px;border-radius:2px\"><span class=\"advgb-accordion-header-icon\"><svg fill=\"#fff\" xmlns=\"http:\/\/www.w3.org\/2000\/svg\" width=\"24\" height=\"24\" viewBox=\"0 0 24 24\"><path fill=\"none\" d=\"M0,0h24v24H0V0z\"><\/path><path d=\"M12,5.83L15.17,9l1.41-1.41L12,3L7.41,7.59L8.83,9L12,5.83z M12,18.17L8.83,15l-1.41,1.41L12,21l4.59-4.59L15.17,15 L12,18.17z\"><\/path><\/svg><\/span><h4 class=\"advgb-accordion-header-title\" style=\"color:inherit\">Jak daleko znajduje si\u0119 najbli\u017csze miasto?<\/h4><\/div><div class=\"advgb-accordion-body\" style=\"border-style:solid !important;border-width:1px !important;border-color:undefined !important;border-top:none !important;border-radius:2px !important\">\n\n<p>BiVillage znajduje si\u0119 oko\u0142o 1 km od miejscowo\u015bci Fa\u017eana i oko\u0142o 6 km od centrum Puli. Do centrum miejscowo\u015bci Fa\u017eana mo\u017cna dotrze\u0107 pieszo promenad\u0105.<\/p>\n\n<\/div><\/div>\n\n\n\n<div class=\"wp-block-advgb-accordion-item advgb-accordion-item\" style=\"margin-bottom:15px\"><div class=\"advgb-accordion-header\" style=\"background-color:#FFFFFF;color:#000000;border-style:solid;border-width:1px;border-radius:2px\"><span class=\"advgb-accordion-header-icon\"><svg fill=\"#fff\" xmlns=\"http:\/\/www.w3.org\/2000\/svg\" width=\"24\" height=\"24\" viewBox=\"0 0 24 24\"><path fill=\"none\" d=\"M0,0h24v24H0V0z\"><\/path><path d=\"M12,5.83L15.17,9l1.41-1.41L12,3L7.41,7.59L8.83,9L12,5.83z M12,18.17L8.83,15l-1.41,1.41L12,21l4.59-4.59L15.17,15 L12,18.17z\"><\/path><\/svg><\/span><h4 class=\"advgb-accordion-header-title\" style=\"color:inherit\">Czy jest po\u0142\u0105czenie autobusowe z Pula?<\/h4><\/div><div class=\"advgb-accordion-body\" style=\"border-style:solid !important;border-width:1px !important;border-color:undefined !important;border-top:none !important;border-radius:2px !important\">\n\n<p>Z miejscowo\u015bci kursuje autobus do Puli. Przystanek autobusowy znajduje si\u0119 bezpo\u015brednio przed wej\u015bciem do o\u015brodka, bilet kosztuje 15 kn, oko\u0142o 2 \u20ac za osob\u0119 i kupuje si\u0119 go w autobusie.<\/p>\n\n\n<p>Psy s\u0105 akceptowane. \u015arednia cena us\u0142ug taks\u00f3wkarskich wynosi oko\u0142o 120 kn, czyli oko\u0142o 16 \u20ac.<\/p>\n\n<\/div><\/div>\n\n\n\n<div class=\"wp-block-advgb-accordion-item advgb-accordion-item\" style=\"margin-bottom:15px\"><div class=\"advgb-accordion-header\" style=\"background-color:#FFFFFF;color:#000000;border-style:solid;border-width:1px;border-radius:2px\"><span class=\"advgb-accordion-header-icon\"><svg fill=\"#fff\" xmlns=\"http:\/\/www.w3.org\/2000\/svg\" width=\"24\" height=\"24\" viewBox=\"0 0 24 24\"><path fill=\"none\" d=\"M0,0h24v24H0V0z\"><\/path><path d=\"M12,5.83L15.17,9l1.41-1.41L12,3L7.41,7.59L8.83,9L12,5.83z M12,18.17L8.83,15l-1.41,1.41L12,21l4.59-4.59L15.17,15 L12,18.17z\"><\/path><\/svg><\/span><h4 class=\"advgb-accordion-header-title\" style=\"color:inherit\">Jak daleko znajduje si\u0119 lotnisko Pula?<\/h4><\/div><div class=\"advgb-accordion-body\" style=\"border-style:solid !important;border-width:1px !important;border-color:undefined !important;border-top:none !important;border-radius:2px !important\">\n\n<p>Najbli\u017csze lotnisko znajduje si\u0119 w Puli, oko\u0142o 12 km od o\u015brodka. Brak po\u0142\u0105czenia autobusowego. \u015aredni koszt przejazdu taks\u00f3wk\u0105 wynosi oko\u0142o 150-200 kn, czyli oko\u0142o 20-25 \u20ac.<\/p>\n\n<\/div><\/div>\n\n\n\n<div class=\"wp-block-advgb-accordion-item advgb-accordion-item\" style=\"margin-bottom:15px\"><div class=\"advgb-accordion-header\" style=\"background-color:#FFFFFF;color:#000000;border-style:solid;border-width:1px;border-radius:2px\"><span class=\"advgb-accordion-header-icon\"><svg fill=\"#fff\" xmlns=\"http:\/\/www.w3.org\/2000\/svg\" width=\"24\" height=\"24\" viewBox=\"0 0 24 24\"><path fill=\"none\" d=\"M0,0h24v24H0V0z\"><\/path><path d=\"M12,5.83L15.17,9l1.41-1.41L12,3L7.41,7.59L8.83,9L12,5.83z M12,18.17L8.83,15l-1.41,1.41L12,21l4.59-4.59L15.17,15 L12,18.17z\"><\/path><\/svg><\/span><h4 class=\"advgb-accordion-header-title\" style=\"color:inherit\">Jaki jest najlepszy spos\u00f3b dotarcia do BiVillage?<\/h4><\/div><div class=\"advgb-accordion-body\" style=\"border-style:solid !important;border-width:1px !important;border-color:undefined !important;border-top:none !important;border-radius:2px !important\">\n\n<p>Aby dotrze\u0107 do o\u015brodka, nale\u017cy post\u0119powa\u0107 zgodnie z poni\u017cszymi wskaz\u00f3wkami:<\/p>\n\n\n<ul class=\"wp-block-list\">\n\n<li><strong>Z Umagu (Umag<\/strong>) nale\u017cy kierowa\u0107 si\u0119 drogowskazami na Pul\u0119 (Pula), zjecha\u0107 zjazdem Vodnjan North (Vodnjan sjever), a nast\u0119pnie skr\u0119ci\u0107 w prawo w kierunku Fa\u017eany; koszt przejazdu autostrad\u0105 w zale\u017cno\u015bci od kategorii pojazdu waha si\u0119 od 22,00 kn do 178,00 kn;<\/li>\n\n\n<li><strong>z Rijeki (Rijeka)<\/strong>, tj. tunelem U\u010dka, pod\u0105\u017caj za znakami na Pul\u0119 (Pula), zjed\u017a zjazdem Vodnjan North (Vodnjan sjever), a nast\u0119pnie skr\u0119\u0107 w prawo w kierunku Fa\u017eany; koszt autostrady w zale\u017cno\u015bci od kategorii pojazdu waha si\u0119 od 29,00 kn do 252,00 kn.<\/li>\n\n<\/ul>\n\n<\/div><\/div>\n\n\n\n<div class=\"wp-block-advgb-accordion-item advgb-accordion-item\" style=\"margin-bottom:15px\"><div class=\"advgb-accordion-header\" style=\"background-color:#FFFFFF;color:#000000;border-style:solid;border-width:1px;border-radius:2px\"><span class=\"advgb-accordion-header-icon\"><svg fill=\"#fff\" xmlns=\"http:\/\/www.w3.org\/2000\/svg\" width=\"24\" height=\"24\" viewBox=\"0 0 24 24\"><path fill=\"none\" d=\"M0,0h24v24H0V0z\"><\/path><path d=\"M12,5.83L15.17,9l1.41-1.41L12,3L7.41,7.59L8.83,9L12,5.83z M12,18.17L8.83,15l-1.41,1.41L12,21l4.59-4.59L15.17,15 L12,18.17z\"><\/path><\/svg><\/span><h4 class=\"advgb-accordion-header-title\" style=\"color:inherit\">Czy istniej\u0105 \u015bcie\u017cki rowerowe \u0142\u0105cz\u0105ce s\u0105siednie miejscowo\u015bci?<\/h4><\/div><div class=\"advgb-accordion-body\" style=\"border-style:solid !important;border-width:1px !important;border-color:undefined !important;border-top:none !important;border-radius:2px !important\">\n\n<p>W pobli\u017cu miejscowo\u015bci przebiegaj\u0105 \u015bcie\u017cki rowerowe prowadz\u0105ce do miejscowo\u015bci Fa\u017eana i Pula.<\/p>\n\n<\/div><\/div>\n<\/div>\n\n<\/div>\n<\/div><\/div>\n\n<div  class=\"grids-section grids-is-advanced alignwide\" style=\"--_gs-gap-desktop:0px 0px;--_gs-m-desktop:0 0 0 0;--_gs-p-desktop:0 0 0 0;--_gs-bg-desktop:transparent none;--_gs-bg-xp-desktop:0px;--_gs-zi-desktop:auto;--_gs-d-desktop:block;--_gs-mw-desktop:calc(100% - 0 - 0);--_gs-gap-tablet:0px 0px;--_gs-m-tablet:0 0 0 0;--_gs-p-tablet:0 0 0 0;--_gs-bg-tablet:transparent none;--_gs-bg-xp-tablet:0px;--_gs-zi-tablet:auto;--_gs-d-tablet:block;--_gs-mw-tablet:calc(100% - 0 - 0);--_gs-gap-mobile:0px 0px;--_gs-m-mobile:0 0 0 0;--_gs-p-mobile:0 0 0 0;--_gs-bg-mobile:transparent none;--_gs-bg-xp-mobile:0px;--_gs-zi-mobile:auto;--_gs-d-mobile:block;--_gs-mw-mobile:calc(100% - 0 - 0);--_gs-columns:12;--_gs-rows:6\"><div class=\"grids-s-w_i\">\n<div class=\"grids-area\" style=\"--_ga-column:2\/12;--_ga-row:1\/7;--_ga-m-desktop:0 0 0 0;--_ga-p-desktop:0 0 0 0;--_ga-bg-desktop:transparent none;--_ga-zi-desktop:auto;--_ga-d-desktop:flex;--_ga-mw-desktop:calc(100% - 0 - 0);--_ga-m-tablet:0 0 0 0;--_ga-p-tablet:0 0 0 0;--_ga-bg-tablet:transparent none;--_ga-zi-tablet:auto;--_ga-d-tablet:flex;--_ga-mw-tablet:calc(100% - 0 - 0);--_ga-m-mobile:0 0 0 0;--_ga-p-mobile:0 0 0 0;--_ga-bg-mobile:transparent none;--_ga-zi-mobile:auto;--_ga-d-mobile:flex;--_ga-mw-mobile:calc(100% - 0 - 0)\">\n\n<h2 class=\"wp-block-heading\" id=\"villaggio\">Informacje o o\u015brodku<\/h2>\n\n\n\n<div class=\"wp-block-advgb-accordions advgb-accordions-75a961a1-ad5e-4787-8c57-782b0f5225c8 advgb-accordion-wrapper\">\n<div class=\"wp-block-advgb-accordion-item advgb-accordion-item\" style=\"margin-bottom:15px\"><div class=\"advgb-accordion-header\" style=\"background-color:#FFFFFF;color:#000000;border-style:solid;border-width:1px;border-radius:2px\"><span class=\"advgb-accordion-header-icon\"><svg fill=\"#fff\" xmlns=\"http:\/\/www.w3.org\/2000\/svg\" width=\"24\" height=\"24\" viewBox=\"0 0 24 24\"><path fill=\"none\" d=\"M0,0h24v24H0V0z\"><\/path><path d=\"M12,5.83L15.17,9l1.41-1.41L12,3L7.41,7.59L8.83,9L12,5.83z M12,18.17L8.83,15l-1.41,1.41L12,21l4.59-4.59L15.17,15 L12,18.17z\"><\/path><\/svg><\/span><h4 class=\"advgb-accordion-header-title\" style=\"color:inherit\">Ile basen\u00f3w znajduje si\u0119 w o\u015brodku? Jaka jest temperatura wody w basenach?<\/h4><\/div><div class=\"advgb-accordion-body\" style=\"border-style:solid !important;border-width:1px !important;border-color:undefined !important;border-top:none !important;border-radius:2px !important\">\n\n<p>Na terenie o\u015brodka znajduj\u0105 si\u0119 trzy s\u0142odkowodne baseny. \u015arednia temperatura w lecie wynosi 25-28 \u00b0 C, w innych okresach wynosi oko\u0142o 22-23 \u00b0 C.<\/p>\n\n<\/div><\/div>\n\n\n\n<div class=\"wp-block-advgb-accordion-item advgb-accordion-item\" style=\"margin-bottom:15px\"><div class=\"advgb-accordion-header\" style=\"background-color:#FFFFFF;color:#000000;border-style:solid;border-width:1px;border-radius:2px\"><span class=\"advgb-accordion-header-icon\"><svg fill=\"#fff\" xmlns=\"http:\/\/www.w3.org\/2000\/svg\" width=\"24\" height=\"24\" viewBox=\"0 0 24 24\"><path fill=\"none\" d=\"M0,0h24v24H0V0z\"><\/path><path d=\"M12,5.83L15.17,9l1.41-1.41L12,3L7.41,7.59L8.83,9L12,5.83z M12,18.17L8.83,15l-1.41,1.41L12,21l4.59-4.59L15.17,15 L12,18.17z\"><\/path><\/svg><\/span><h4 class=\"advgb-accordion-header-title\" style=\"color:inherit\">Czy baseny s\u0105 podgrzewane? W jakim okresie woda w basenach jest podgrzewana?<\/h4><\/div><div class=\"advgb-accordion-body\" style=\"border-style:solid !important;border-width:1px !important;border-color:undefined !important;border-top:none !important;border-radius:2px !important\">\n\n<p>Basen nr 3 jest ogrzewany poza sezonem (do 31 maja i od 20 wrze\u015bnia) w zale\u017cno\u015bci od warunk\u00f3w pogodowych.<\/p>\n\n<\/div><\/div>\n\n\n\n<div class=\"wp-block-advgb-accordion-item advgb-accordion-item\" style=\"margin-bottom:15px\"><div class=\"advgb-accordion-header\" style=\"background-color:#FFFFFF;color:#000000;border-style:solid;border-width:1px;border-radius:2px\"><span class=\"advgb-accordion-header-icon\"><svg fill=\"#fff\" xmlns=\"http:\/\/www.w3.org\/2000\/svg\" width=\"24\" height=\"24\" viewBox=\"0 0 24 24\"><path fill=\"none\" d=\"M0,0h24v24H0V0z\"><\/path><path d=\"M12,5.83L15.17,9l1.41-1.41L12,3L7.41,7.59L8.83,9L12,5.83z M12,18.17L8.83,15l-1.41,1.41L12,21l4.59-4.59L15.17,15 L12,18.17z\"><\/path><\/svg><\/span><h4 class=\"advgb-accordion-header-title\" style=\"color:inherit\">Jakie s\u0105 godziny otwarcia basen\u00f3w?<\/h4><\/div><div class=\"advgb-accordion-body\" style=\"border-style:solid !important;border-width:1px !important;border-color:undefined !important;border-top:none !important;border-radius:2px !important\">\n\n<p>Baseny czynne s\u0105 codziennie w godzinach 09:00-13:00 i 15:00-19:00, z wyj\u0105tkiem jednego dnia w tygodniu, w kt\u00f3rym odbywa si\u0119 czyszczenie. w nast\u0119puj\u0105cy spos\u00f3b: basen nr 1 zamkni\u0119ty w poniedzia\u0142ek, basen nr 2 zamkni\u0119ty w sobot\u0119 i basen nr 3 zamkni\u0119ty w \u015brod\u0119.<\/p>\n\n<\/div><\/div>\n\n\n\n<div class=\"wp-block-advgb-accordion-item advgb-accordion-item\" style=\"margin-bottom:15px\"><div class=\"advgb-accordion-header\" style=\"background-color:#FFFFFF;color:#000000;border-style:solid;border-width:1px;border-radius:2px\"><span class=\"advgb-accordion-header-icon\"><svg fill=\"#fff\" xmlns=\"http:\/\/www.w3.org\/2000\/svg\" width=\"24\" height=\"24\" viewBox=\"0 0 24 24\"><path fill=\"none\" d=\"M0,0h24v24H0V0z\"><\/path><path d=\"M12,5.83L15.17,9l1.41-1.41L12,3L7.41,7.59L8.83,9L12,5.83z M12,18.17L8.83,15l-1.41,1.41L12,21l4.59-4.59L15.17,15 L12,18.17z\"><\/path><\/svg><\/span><h4 class=\"advgb-accordion-header-title\" style=\"color:inherit\">Czy wszystkie baseny s\u0105 dost\u0119pne dla go\u015bci? Kt\u00f3re baseny s\u0105 odpowiednie dla dzieci?<\/h4><\/div><div class=\"advgb-accordion-body\" style=\"border-style:solid !important;border-width:1px !important;border-color:undefined !important;border-top:none !important;border-radius:2px !important\">\n\n<p>Wszystkie baseny s\u0105 dost\u0119pne dla go\u015bci o\u015brodka. Basen nr 2 jest odpowiedni dla dzieci.<\/p>\n\n<\/div><\/div>\n\n\n\n<div class=\"wp-block-advgb-accordion-item advgb-accordion-item\" style=\"margin-bottom:15px\"><div class=\"advgb-accordion-header\" style=\"background-color:#FFFFFF;color:#000000;border-style:solid;border-width:1px;border-radius:2px\"><span class=\"advgb-accordion-header-icon\"><svg fill=\"#fff\" xmlns=\"http:\/\/www.w3.org\/2000\/svg\" width=\"24\" height=\"24\" viewBox=\"0 0 24 24\"><path fill=\"none\" d=\"M0,0h24v24H0V0z\"><\/path><path d=\"M12,5.83L15.17,9l1.41-1.41L12,3L7.41,7.59L8.83,9L12,5.83z M12,18.17L8.83,15l-1.41,1.41L12,21l4.59-4.59L15.17,15 L12,18.17z\"><\/path><\/svg><\/span><h4 class=\"advgb-accordion-header-title\" style=\"color:inherit\">Jakie s\u0105 wymiary i g\u0142\u0119boko\u015bci basen\u00f3w?<\/h4><\/div><div class=\"advgb-accordion-body\" style=\"border-style:solid !important;border-width:1px !important;border-color:undefined !important;border-top:none !important;border-radius:2px !important\">\n\n<p>Basen nr 1 ma wymiary 30 x 9,50 m, basen nr 2 30 x 9,50 m, a basen nr 3 25 x 22 m.<\/p>\n\n\n<p>Maksymalna g\u0142\u0119boko\u015b\u0107 basen\u00f3w nr 1 i 2 wynosi 1,30 m, a basenu nr 3 1,25 m, podczas gdy g\u0142\u0119boko\u015b\u0107 sekcji dla dzieci wynosi maksymalnie 0,60 m.<\/p>\n\n<\/div><\/div>\n\n\n\n<div class=\"wp-block-advgb-accordion-item advgb-accordion-item\" style=\"margin-bottom:15px\"><div class=\"advgb-accordion-header\" style=\"background-color:#FFFFFF;color:#000000;border-style:solid;border-width:1px;border-radius:2px\"><span class=\"advgb-accordion-header-icon\"><svg fill=\"#fff\" xmlns=\"http:\/\/www.w3.org\/2000\/svg\" width=\"24\" height=\"24\" viewBox=\"0 0 24 24\"><path fill=\"none\" d=\"M0,0h24v24H0V0z\"><\/path><path d=\"M12,5.83L15.17,9l1.41-1.41L12,3L7.41,7.59L8.83,9L12,5.83z M12,18.17L8.83,15l-1.41,1.41L12,21l4.59-4.59L15.17,15 L12,18.17z\"><\/path><\/svg><\/span><h4 class=\"advgb-accordion-header-title\" style=\"color:inherit\">Czy noszenie czepka p\u0142ywackiego na basenie jest obowi\u0105zkowe?<\/h4><\/div><div class=\"advgb-accordion-body\" style=\"border-style:solid !important;border-width:1px !important;border-color:undefined !important;border-top:none !important;border-radius:2px !important\">\n\n<p>Nie, noszenie czepka podczas korzystania z basenu nie jest obowi\u0105zkowe.<\/p>\n\n<\/div><\/div>\n\n\n\n<div class=\"wp-block-advgb-accordion-item advgb-accordion-item\" style=\"margin-bottom:15px\"><div class=\"advgb-accordion-header\" style=\"background-color:#FFFFFF;color:#000000;border-style:solid;border-width:1px;border-radius:2px\"><span class=\"advgb-accordion-header-icon\"><svg fill=\"#fff\" xmlns=\"http:\/\/www.w3.org\/2000\/svg\" width=\"24\" height=\"24\" viewBox=\"0 0 24 24\"><path fill=\"none\" d=\"M0,0h24v24H0V0z\"><\/path><path d=\"M12,5.83L15.17,9l1.41-1.41L12,3L7.41,7.59L8.83,9L12,5.83z M12,18.17L8.83,15l-1.41,1.41L12,21l4.59-4.59L15.17,15 L12,18.17z\"><\/path><\/svg><\/span><h4 class=\"advgb-accordion-header-title\" style=\"color:inherit\">Czy w o\u015brodku znajduj\u0105 si\u0119 stacje \u0142adowania samochod\u00f3w?<\/h4><\/div><div class=\"advgb-accordion-body\" style=\"border-style:solid !important;border-width:1px !important;border-color:undefined !important;border-top:none !important;border-radius:2px !important\">\n\n<p>Tak, s\u0105 dost\u0119pne nowe stacje \u0142adowania PALINA z gniazdami TYPE 2 o mocy 22 kW.<\/p>\n\n<\/div><\/div>\n\n\n\n<div class=\"wp-block-advgb-accordion-item advgb-accordion-item\" style=\"margin-bottom:15px\"><div class=\"advgb-accordion-header\" style=\"background-color:#FFFFFF;color:#000000;border-style:solid;border-width:1px;border-radius:2px\"><span class=\"advgb-accordion-header-icon\"><svg fill=\"#fff\" xmlns=\"http:\/\/www.w3.org\/2000\/svg\" width=\"24\" height=\"24\" viewBox=\"0 0 24 24\"><path fill=\"none\" d=\"M0,0h24v24H0V0z\"><\/path><path d=\"M12,5.83L15.17,9l1.41-1.41L12,3L7.41,7.59L8.83,9L12,5.83z M12,18.17L8.83,15l-1.41,1.41L12,21l4.59-4.59L15.17,15 L12,18.17z\"><\/path><\/svg><\/span><h4 class=\"advgb-accordion-header-title\" style=\"color:inherit\">Czy na terenie o\u015brodka mo\u017cna korzysta\u0107 z grilla? Czy mo\u017cna wypo\u017cyczy\u0107 butle gazowe?<\/h4><\/div><div class=\"advgb-accordion-body\" style=\"border-style:solid !important;border-width:1px !important;border-color:undefined !important;border-top:none !important;border-radius:2px !important\">\n\n<p>Grilla mo\u017cna u\u017cywa\u0107 pod warunkiem, \u017ce jest on elektryczny lub gazowy z butl\u0105 o maksymalnej wadze 5 kg. Grille na drewno lub w\u0119giel drzewny nie mog\u0105 by\u0107 u\u017cywane.<\/p>\n\n\n<p>Jednorazowe butle kempingowe s\u0105 dost\u0119pne na terenie o\u015brodka. W sklepie kempingowym jest mo\u017cliwo\u015b\u0107 nape\u0142nienia butli gazowych.<\/p>\n\n<\/div><\/div>\n\n\n\n<div class=\"wp-block-advgb-accordion-item advgb-accordion-item\" style=\"margin-bottom:15px\"><div class=\"advgb-accordion-header\" style=\"background-color:#FFFFFF;color:#000000;border-style:solid;border-width:1px;border-radius:2px\"><span class=\"advgb-accordion-header-icon\"><svg fill=\"#fff\" xmlns=\"http:\/\/www.w3.org\/2000\/svg\" width=\"24\" height=\"24\" viewBox=\"0 0 24 24\"><path fill=\"none\" d=\"M0,0h24v24H0V0z\"><\/path><path d=\"M12,5.83L15.17,9l1.41-1.41L12,3L7.41,7.59L8.83,9L12,5.83z M12,18.17L8.83,15l-1.41,1.41L12,21l4.59-4.59L15.17,15 L12,18.17z\"><\/path><\/svg><\/span><h4 class=\"advgb-accordion-header-title\" style=\"color:inherit\">Czy istnieje mo\u017cliwo\u015b\u0107 wynaj\u0119cia miejsca do cumowania \u0142odzi na morzu?<\/h4><\/div><div class=\"advgb-accordion-body\" style=\"border-style:solid !important;border-width:1px !important;border-color:undefined !important;border-top:none !important;border-radius:2px !important\">\n\n<p>W porcie na pla\u017cy znajduje si\u0119 oko\u0142o 15 miejsc do cumowania, z mo\u017cliwo\u015bci\u0105 bezp\u0142atnego cumowania \u0142odzi (ok. 5 m). Cumowanie jest na w\u0142asne ryzyko. Liczba miejsc jest ograniczona i nie ma mo\u017cliwo\u015bci rezerwacji miejsca.<\/p>\n\n\n<p>Ponadto w wiosce za dodatkow\u0105 op\u0142at\u0105 mo\u017cna wynaj\u0105\u0107 boj\u0119\/wolne miejsce do cumowania (ok. 30 miejsc dla \u0142odzi do 6 m, maks. 700 kg). Miejsca te mo\u017cna zarezerwowa\u0107 na \u017cyczenie, pisz\u0105c na adres <a href=\"mailto:felix.2002@pu.t-com.hr\">felix.2002@pu.t-com.hr<\/a>.<\/p>\n\n\n<p>W przypadku statk\u00f3w d\u0142u\u017cszych ni\u017c 6 metr\u00f3w i wa\u017c\u0105cych mniej ni\u017c 700 kg, nale\u017cy skontaktowa\u0107 si\u0119 z dostawcami tego typu us\u0142ug, w tym najbli\u017cszego ACI Mairna w Puli. Opr\u00f3cz miejsc do cumowania znajduje si\u0119 tu slip dla \u0142odzi.<\/p>\n\n<\/div><\/div>\n\n\n\n<div class=\"wp-block-advgb-accordion-item advgb-accordion-item\" style=\"margin-bottom:15px\"><div class=\"advgb-accordion-header\" style=\"background-color:#FFFFFF;color:#000000;border-style:solid;border-width:1px;border-radius:2px\"><span class=\"advgb-accordion-header-icon\"><svg fill=\"#fff\" xmlns=\"http:\/\/www.w3.org\/2000\/svg\" width=\"24\" height=\"24\" viewBox=\"0 0 24 24\"><path fill=\"none\" d=\"M0,0h24v24H0V0z\"><\/path><path d=\"M12,5.83L15.17,9l1.41-1.41L12,3L7.41,7.59L8.83,9L12,5.83z M12,18.17L8.83,15l-1.41,1.41L12,21l4.59-4.59L15.17,15 L12,18.17z\"><\/path><\/svg><\/span><h4 class=\"advgb-accordion-header-title\" style=\"color:inherit\">Czy w o\u015brodku jest pralnia?<\/h4><\/div><div class=\"advgb-accordion-body\" style=\"border-style:solid !important;border-width:1px !important;border-color:undefined !important;border-top:none !important;border-radius:2px !important\">\n\n<p>Tak, w o\u015brodku dost\u0119pne s\u0105 pralki i suszarki, kt\u00f3re znajduj\u0105 si\u0119 w sanitariatach kempingowych. Apartamenty mieszcz\u0105 si\u0119 w apartamentowcu w pobli\u017cu centrum handlowego.<\/p>\n\n\n<p>Korzystanie z automat\u00f3w jest mo\u017cliwe po wykupieniu \u017ceton\u00f3w (do nabycia w recepcji). Cena \u017cetonu wynosi 35 kn.<\/p>\n\n<\/div><\/div>\n\n\n\n<div class=\"wp-block-advgb-accordion-item advgb-accordion-item\" style=\"margin-bottom:15px\"><div class=\"advgb-accordion-header\" style=\"background-color:#FFFFFF;color:#000000;border-style:solid;border-width:1px;border-radius:2px\"><span class=\"advgb-accordion-header-icon\"><svg fill=\"#fff\" xmlns=\"http:\/\/www.w3.org\/2000\/svg\" width=\"24\" height=\"24\" viewBox=\"0 0 24 24\"><path fill=\"none\" d=\"M0,0h24v24H0V0z\"><\/path><path d=\"M12,5.83L15.17,9l1.41-1.41L12,3L7.41,7.59L8.83,9L12,5.83z M12,18.17L8.83,15l-1.41,1.41L12,21l4.59-4.59L15.17,15 L12,18.17z\"><\/path><\/svg><\/span><h4 class=\"advgb-accordion-header-title\" style=\"color:inherit\">Czy jest kantor wymiany walut\/bankomat?<\/h4><\/div><div class=\"advgb-accordion-body\" style=\"border-style:solid !important;border-width:1px !important;border-color:undefined !important;border-top:none !important;border-radius:2px !important\">\n\n<p>W o\u015brodku znajduje si\u0119 zar\u00f3wno kantor wymiany walut, jak i bankomat.<\/p>\n\n<\/div><\/div>\n<\/div>\n\n<\/div>\n<\/div><\/div>\n\n<div  class=\"grids-section grids-is-advanced alignwide\" style=\"--_gs-gap-desktop:0px 0px;--_gs-m-desktop:0 0 0 0;--_gs-p-desktop:0 0 0 0;--_gs-bg-desktop:transparent none;--_gs-bg-xp-desktop:0px;--_gs-zi-desktop:auto;--_gs-d-desktop:block;--_gs-mw-desktop:calc(100% - 0 - 0);--_gs-gap-tablet:0px 0px;--_gs-m-tablet:0 0 0 0;--_gs-p-tablet:0 0 0 0;--_gs-bg-tablet:transparent none;--_gs-bg-xp-tablet:0px;--_gs-zi-tablet:auto;--_gs-d-tablet:block;--_gs-mw-tablet:calc(100% - 0 - 0);--_gs-gap-mobile:0px 0px;--_gs-m-mobile:0 0 0 0;--_gs-p-mobile:0 0 0 0;--_gs-bg-mobile:transparent none;--_gs-bg-xp-mobile:0px;--_gs-zi-mobile:auto;--_gs-d-mobile:block;--_gs-mw-mobile:calc(100% - 0 - 0);--_gs-columns:12;--_gs-rows:6\"><div class=\"grids-s-w_i\">\n<div class=\"grids-area\" style=\"--_ga-column:2\/12;--_ga-row:1\/7;--_ga-m-desktop:0 0 0 0;--_ga-p-desktop:0 0 0 0;--_ga-bg-desktop:transparent none;--_ga-zi-desktop:auto;--_ga-d-desktop:flex;--_ga-mw-desktop:calc(100% - 0 - 0);--_ga-m-tablet:0 0 0 0;--_ga-p-tablet:0 0 0 0;--_ga-bg-tablet:transparent none;--_ga-zi-tablet:auto;--_ga-d-tablet:flex;--_ga-mw-tablet:calc(100% - 0 - 0);--_ga-m-mobile:0 0 0 0;--_ga-p-mobile:0 0 0 0;--_ga-bg-mobile:transparent none;--_ga-zi-mobile:auto;--_ga-d-mobile:flex;--_ga-mw-mobile:calc(100% - 0 - 0)\">\n\n<h2 class=\"wp-block-heading\" id=\"alloggi\">Informacje o zakwaterowaniu<\/h2>\n\n\n\n<div class=\"wp-block-advgb-accordions advgb-accordions-4a54d666-2a39-403f-904f-d9079831a80d advgb-accordion-wrapper\">\n<div class=\"wp-block-advgb-accordion-item advgb-accordion-item\" style=\"margin-bottom:15px\"><div class=\"advgb-accordion-header\" style=\"background-color:#FFFFFF;color:#000000;border-style:solid;border-width:1px;border-radius:2px\"><span class=\"advgb-accordion-header-icon\"><svg fill=\"#fff\" xmlns=\"http:\/\/www.w3.org\/2000\/svg\" width=\"24\" height=\"24\" viewBox=\"0 0 24 24\"><path fill=\"none\" d=\"M0,0h24v24H0V0z\"><\/path><path d=\"M12,5.83L15.17,9l1.41-1.41L12,3L7.41,7.59L8.83,9L12,5.83z M12,18.17L8.83,15l-1.41,1.41L12,21l4.59-4.59L15.17,15 L12,18.17z\"><\/path><\/svg><\/span><h4 class=\"advgb-accordion-header-title\" style=\"color:inherit\">Czy pokoje s\u0105 klimatyzowane? Czy klimatyzacja jest dodatkowo p\u0142atna?<\/h4><\/div><div class=\"advgb-accordion-body\" style=\"border-style:solid !important;border-width:1px !important;border-color:undefined !important;border-top:none !important;border-radius:2px !important\">\n\n<p>Wszystkie pomieszczenia mieszkalne s\u0105 klimatyzowane.<\/p>\n\n\n<p>Korzystanie z klimatyzacji jest mo\u017cliwe za dodatkow\u0105 op\u0142at\u0105 w wysoko\u015bci 150 kn, czyli oko\u0142o 20 \u20ac za 20 godzin u\u017cytkowania (je\u015bli nie jest wliczone w cen\u0119 lub ofert\u0119 specjaln\u0105).<\/p>\n\n<\/div><\/div>\n\n\n\n<div class=\"wp-block-advgb-accordion-item advgb-accordion-item\" style=\"margin-bottom:15px\"><div class=\"advgb-accordion-header\" style=\"background-color:#FFFFFF;color:#000000;border-style:solid;border-width:1px;border-radius:2px\"><span class=\"advgb-accordion-header-icon\"><svg fill=\"#fff\" xmlns=\"http:\/\/www.w3.org\/2000\/svg\" width=\"24\" height=\"24\" viewBox=\"0 0 24 24\"><path fill=\"none\" d=\"M0,0h24v24H0V0z\"><\/path><path d=\"M12,5.83L15.17,9l1.41-1.41L12,3L7.41,7.59L8.83,9L12,5.83z M12,18.17L8.83,15l-1.41,1.41L12,21l4.59-4.59L15.17,15 L12,18.17z\"><\/path><\/svg><\/span><h4 class=\"advgb-accordion-header-title\" style=\"color:inherit\">Czy jest Wi-Fi? Czy korzystanie z Wi-Fi jest darmowe?<\/h4><\/div><div class=\"advgb-accordion-body\" style=\"border-style:solid !important;border-width:1px !important;border-color:undefined !important;border-top:none !important;border-radius:2px !important\">\n\n<p>Us\u0142uga Wi-Fi jest bezp\u0142atna, a jej pr\u0119dko\u015b\u0107 wynosi 4 Mbt\/s.<\/p>\n\n<\/div><\/div>\n\n\n\n<div class=\"wp-block-advgb-accordion-item advgb-accordion-item\" style=\"margin-bottom:15px\"><div class=\"advgb-accordion-header\" style=\"background-color:#FFFFFF;color:#000000;border-style:solid;border-width:1px;border-radius:2px\"><span class=\"advgb-accordion-header-icon\"><svg fill=\"#fff\" xmlns=\"http:\/\/www.w3.org\/2000\/svg\" width=\"24\" height=\"24\" viewBox=\"0 0 24 24\"><path fill=\"none\" d=\"M0,0h24v24H0V0z\"><\/path><path d=\"M12,5.83L15.17,9l1.41-1.41L12,3L7.41,7.59L8.83,9L12,5.83z M12,18.17L8.83,15l-1.41,1.41L12,21l4.59-4.59L15.17,15 L12,18.17z\"><\/path><\/svg><\/span><h4 class=\"advgb-accordion-header-title\" style=\"color:inherit\">Czy jest telewizor?<\/h4><\/div><div class=\"advgb-accordion-body\" style=\"border-style:solid !important;border-width:1px !important;border-color:undefined !important;border-top:none !important;border-radius:2px !important\">\n\n<p>Apartamenty wyposa\u017cone s\u0105 w telewizj\u0119 satelitarn\u0105. Dost\u0119pne r\u00f3wnie\u017c w domkach mobilnych, z wyj\u0105tkiem domk\u00f3w mobilnych.<\/p>\n\n<\/div><\/div>\n\n\n\n<div class=\"wp-block-advgb-accordion-item advgb-accordion-item\" style=\"margin-bottom:15px\"><div class=\"advgb-accordion-header\" style=\"background-color:#FFFFFF;color:#000000;border-style:solid;border-width:1px;border-radius:2px\"><span class=\"advgb-accordion-header-icon\"><svg fill=\"#fff\" xmlns=\"http:\/\/www.w3.org\/2000\/svg\" width=\"24\" height=\"24\" viewBox=\"0 0 24 24\"><path fill=\"none\" d=\"M0,0h24v24H0V0z\"><\/path><path d=\"M12,5.83L15.17,9l1.41-1.41L12,3L7.41,7.59L8.83,9L12,5.83z M12,18.17L8.83,15l-1.41,1.41L12,21l4.59-4.59L15.17,15 L12,18.17z\"><\/path><\/svg><\/span><h4 class=\"advgb-accordion-header-title\" style=\"color:inherit\">Czy po\u015bciel i r\u0119czniki s\u0105 wliczone w cen\u0119?<\/h4><\/div><div class=\"advgb-accordion-body\" style=\"border-style:solid !important;border-width:1px !important;border-color:undefined !important;border-top:none !important;border-radius:2px !important\">\n\n<p>W cen\u0119 zakwaterowania wliczona jest cotygodniowa zmiana po\u015bcieli i r\u0119cznik\u00f3w.<\/p>\n\n<\/div><\/div>\n\n\n\n<div class=\"wp-block-advgb-accordion-item advgb-accordion-item\" style=\"margin-bottom:15px\"><div class=\"advgb-accordion-header\" style=\"background-color:#FFFFFF;color:#000000;border-style:solid;border-width:1px;border-radius:2px\"><span class=\"advgb-accordion-header-icon\"><svg fill=\"#fff\" xmlns=\"http:\/\/www.w3.org\/2000\/svg\" width=\"24\" height=\"24\" viewBox=\"0 0 24 24\"><path fill=\"none\" d=\"M0,0h24v24H0V0z\"><\/path><path d=\"M12,5.83L15.17,9l1.41-1.41L12,3L7.41,7.59L8.83,9L12,5.83z M12,18.17L8.83,15l-1.41,1.41L12,21l4.59-4.59L15.17,15 L12,18.17z\"><\/path><\/svg><\/span><h4 class=\"advgb-accordion-header-title\" style=\"color:inherit\">Jakie s\u0105 wymiary \u0142\u00f3\u017cek?<\/h4><\/div><div class=\"advgb-accordion-body\" style=\"border-style:solid !important;border-width:1px !important;border-color:undefined !important;border-top:none !important;border-radius:2px !important\">\n\n<p>W mieszkaniach \u0142\u00f3\u017cka maj\u0105 wymiary 200 x 80 cm, a w domkach mobilnych 140 x 190 cm i 70 x 190 cm.<\/p>\n\n<\/div><\/div>\n<\/div>\n\n<\/div>\n<\/div><\/div>\n\n<div  class=\"grids-section grids-is-advanced alignwide\" style=\"--_gs-gap-desktop:0px 0px;--_gs-m-desktop:0 0 0 0;--_gs-p-desktop:0 0 0 0;--_gs-bg-desktop:transparent none;--_gs-bg-xp-desktop:0px;--_gs-zi-desktop:auto;--_gs-d-desktop:block;--_gs-mw-desktop:calc(100% - 0 - 0);--_gs-gap-tablet:0px 0px;--_gs-m-tablet:0 0 0 0;--_gs-p-tablet:0 0 0 0;--_gs-bg-tablet:transparent none;--_gs-bg-xp-tablet:0px;--_gs-zi-tablet:auto;--_gs-d-tablet:block;--_gs-mw-tablet:calc(100% - 0 - 0);--_gs-gap-mobile:0px 0px;--_gs-m-mobile:0 0 0 0;--_gs-p-mobile:0 0 0 0;--_gs-bg-mobile:transparent none;--_gs-bg-xp-mobile:0px;--_gs-zi-mobile:auto;--_gs-d-mobile:block;--_gs-mw-mobile:calc(100% - 0 - 0);--_gs-columns:12;--_gs-rows:6\"><div class=\"grids-s-w_i\">\n<div class=\"grids-area\" style=\"--_ga-column:2\/12;--_ga-row:1\/7;--_ga-m-desktop:0 0 0 0;--_ga-p-desktop:0 0 0 0;--_ga-bg-desktop:transparent none;--_ga-zi-desktop:auto;--_ga-d-desktop:flex;--_ga-mw-desktop:calc(100% - 0 - 0);--_ga-m-tablet:0 0 0 0;--_ga-p-tablet:0 0 0 0;--_ga-bg-tablet:transparent none;--_ga-zi-tablet:auto;--_ga-d-tablet:flex;--_ga-mw-tablet:calc(100% - 0 - 0);--_ga-m-mobile:0 0 0 0;--_ga-p-mobile:0 0 0 0;--_ga-bg-mobile:transparent none;--_ga-zi-mobile:auto;--_ga-d-mobile:flex;--_ga-mw-mobile:calc(100% - 0 - 0)\">\n\n<h2 class=\"wp-block-heading\" id=\"campeggio\">Informacje o kempingu<\/h2>\n\n\n\n<div class=\"wp-block-advgb-accordions advgb-accordions-584aa8b9-85d9-459c-9f34-99936dcbe202 advgb-accordion-wrapper\">\n<div class=\"wp-block-advgb-accordion-item advgb-accordion-item\" style=\"margin-bottom:15px\"><div class=\"advgb-accordion-header\" style=\"background-color:#FFFFFF;color:#000000;border-style:solid;border-width:1px;border-radius:2px\"><span class=\"advgb-accordion-header-icon\"><svg fill=\"#fff\" xmlns=\"http:\/\/www.w3.org\/2000\/svg\" width=\"24\" height=\"24\" viewBox=\"0 0 24 24\"><path fill=\"none\" d=\"M0,0h24v24H0V0z\"><\/path><path d=\"M12,5.83L15.17,9l1.41-1.41L12,3L7.41,7.59L8.83,9L12,5.83z M12,18.17L8.83,15l-1.41,1.41L12,21l4.59-4.59L15.17,15 L12,18.17z\"><\/path><\/svg><\/span><h4 class=\"advgb-accordion-header-title\" style=\"color:inherit\">Jak du\u017ce s\u0105 parcele? Czy s\u0105 one wyposa\u017cone w przy\u0142\u0105cza elektryczne i wodne?<\/h4><\/div><div class=\"advgb-accordion-body\" style=\"border-style:solid !important;border-width:1px !important;border-color:undefined !important;border-top:none !important;border-radius:2px !important\">\n\n<p>Parcele maj\u0105 powierzchni\u0119 100 metr\u00f3w kwadratowych i s\u0105 wyposa\u017cone w przy\u0142\u0105cza elektryczne (10A) i wodne, a niekt\u00f3re r\u00f3wnie\u017c z kanalizacj\u0105 do zrzutu szarej wody. Najwi\u0119ksze parcele maj\u0105 powierzchni\u0119 oko\u0142o 150 metr\u00f3w kwadratowych (King Size).<\/p>\n\n<\/div><\/div>\n\n\n\n<div class=\"wp-block-advgb-accordion-item advgb-accordion-item\" style=\"margin-bottom:15px\"><div class=\"advgb-accordion-header\" style=\"background-color:#FFFFFF;color:#000000;border-style:solid;border-width:1px;border-radius:2px\"><span class=\"advgb-accordion-header-icon\"><svg fill=\"#fff\" xmlns=\"http:\/\/www.w3.org\/2000\/svg\" width=\"24\" height=\"24\" viewBox=\"0 0 24 24\"><path fill=\"none\" d=\"M0,0h24v24H0V0z\"><\/path><path d=\"M12,5.83L15.17,9l1.41-1.41L12,3L7.41,7.59L8.83,9L12,5.83z M12,18.17L8.83,15l-1.41,1.41L12,21l4.59-4.59L15.17,15 L12,18.17z\"><\/path><\/svg><\/span><h4 class=\"advgb-accordion-header-title\" style=\"color:inherit\">Czy mo\u017cna wynaj\u0105\u0107 prywatn\u0105 \u0142azienk\u0119?<\/h4><\/div><div class=\"advgb-accordion-body\" style=\"border-style:solid !important;border-width:1px !important;border-color:undefined !important;border-top:none !important;border-radius:2px !important\">\n\n<p>Zaplecze sanitarne o\u015brodka obejmuje r\u00f3wnie\u017c w prywatne \u0142azienki, kt\u00f3re mo\u017cna wynaj\u0105\u0107 w zale\u017cno\u015bci od dost\u0119pno\u015bci. Mo\u017cliwa jest rezerwacja takiej \u0142azienki. W \u0142azience znajduje si\u0119 prysznic, toaleta, umywalka i lustro.<\/p>\n\n<\/div><\/div>\n\n\n\n<div class=\"wp-block-advgb-accordion-item advgb-accordion-item\" style=\"margin-bottom:15px\"><div class=\"advgb-accordion-header\" style=\"background-color:#FFFFFF;color:#000000;border-style:solid;border-width:1px;border-radius:2px\"><span class=\"advgb-accordion-header-icon\"><svg fill=\"#fff\" xmlns=\"http:\/\/www.w3.org\/2000\/svg\" width=\"24\" height=\"24\" viewBox=\"0 0 24 24\"><path fill=\"none\" d=\"M0,0h24v24H0V0z\"><\/path><path d=\"M12,5.83L15.17,9l1.41-1.41L12,3L7.41,7.59L8.83,9L12,5.83z M12,18.17L8.83,15l-1.41,1.41L12,21l4.59-4.59L15.17,15 L12,18.17z\"><\/path><\/svg><\/span><h4 class=\"advgb-accordion-header-title\" style=\"color:inherit\">Czy mo\u017cna wypo\u017cyczy\u0107 lod\u00f3wk\u0119?<\/h4><\/div><div class=\"advgb-accordion-body\" style=\"border-style:solid !important;border-width:1px !important;border-color:undefined !important;border-top:none !important;border-radius:2px !important\">\n\n<p>Na kempingu istnieje mo\u017cliwo\u015b\u0107 wypo\u017cyczenia lod\u00f3wek (20 l) w cenie 23,00 kn za dzie\u0144; znajduj\u0105 si\u0119 one obok sanitariat\u00f3w nr 2 i 3.<\/p>\n\n\n<p>W sklepie kempigowym mo\u017cna wypo\u017cyczy\u0107 75-litrow\u0105 lod\u00f3wk\u0119 z zamra\u017cark\u0105 za 75 kun (10 \u20ac) za dzie\u0144 lub 112-litrow\u0105 lod\u00f3wk\u0119 z zamra\u017cark\u0105 za 90 kun (12 \u20ac).<\/p>\n\n\n<p>Wyposa\u017cenie mo\u017cna rezerwowa\u0107 na miejscu. Rezerwacje z wyprzedzeniem nie s\u0105 mo\u017cliwe.<\/p>\n\n<\/div><\/div>\n\n\n\n<div class=\"wp-block-advgb-accordion-item advgb-accordion-item\" style=\"margin-bottom:15px\"><div class=\"advgb-accordion-header\" style=\"background-color:#FFFFFF;color:#000000;border-style:solid;border-width:1px;border-radius:2px\"><span class=\"advgb-accordion-header-icon\"><svg fill=\"#fff\" xmlns=\"http:\/\/www.w3.org\/2000\/svg\" width=\"24\" height=\"24\" viewBox=\"0 0 24 24\"><path fill=\"none\" d=\"M0,0h24v24H0V0z\"><\/path><path d=\"M12,5.83L15.17,9l1.41-1.41L12,3L7.41,7.59L8.83,9L12,5.83z M12,18.17L8.83,15l-1.41,1.41L12,21l4.59-4.59L15.17,15 L12,18.17z\"><\/path><\/svg><\/span><h4 class=\"advgb-accordion-header-title\" style=\"color:inherit\">Czy mo\u017cna wynaj\u0105\u0107 sejf?<\/h4><\/div><div class=\"advgb-accordion-body\" style=\"border-style:solid !important;border-width:1px !important;border-color:undefined !important;border-top:none !important;border-radius:2px !important\">\n\n<p>Tak, sejf mo\u017cna wypo\u017cyczy\u0107 w recepcji za 23 EUR za dzie\u0144.<\/p>\n\n<\/div><\/div>\n\n\n\n<div class=\"wp-block-advgb-accordion-item advgb-accordion-item\" style=\"margin-bottom:15px\"><div class=\"advgb-accordion-header\" style=\"background-color:#FFFFFF;color:#000000;border-style:solid;border-width:1px;border-radius:2px\"><span class=\"advgb-accordion-header-icon\"><svg fill=\"#fff\" xmlns=\"http:\/\/www.w3.org\/2000\/svg\" width=\"24\" height=\"24\" viewBox=\"0 0 24 24\"><path fill=\"none\" d=\"M0,0h24v24H0V0z\"><\/path><path d=\"M12,5.83L15.17,9l1.41-1.41L12,3L7.41,7.59L8.83,9L12,5.83z M12,18.17L8.83,15l-1.41,1.41L12,21l4.59-4.59L15.17,15 L12,18.17z\"><\/path><\/svg><\/span><h4 class=\"advgb-accordion-header-title\" style=\"color:inherit\">Czy parcele s\u0105 wyposa\u017cone w drena\u017c?<\/h4><\/div><div class=\"advgb-accordion-body\" style=\"border-style:solid !important;border-width:1px !important;border-color:undefined !important;border-top:none !important;border-radius:2px !important\">\n\n<p>Parcele w strefie Belvedere, Mare i Premium Beach a\u017c do obszaru mi\u0119dzy restauracj\u0105 Al Mare i restauracj\u0105 Pineta s\u0105 wyposa\u017cone w odp\u0142yw szarej wody bezpo\u015brednio na parceli.<\/p>\n\n<\/div><\/div>\n\n\n\n<div class=\"wp-block-advgb-accordion-item advgb-accordion-item\" style=\"margin-bottom:15px\"><div class=\"advgb-accordion-header\" style=\"background-color:#FFFFFF;color:#000000;border-style:solid;border-width:1px;border-radius:2px\"><span class=\"advgb-accordion-header-icon\"><svg fill=\"#fff\" xmlns=\"http:\/\/www.w3.org\/2000\/svg\" width=\"24\" height=\"24\" viewBox=\"0 0 24 24\"><path fill=\"none\" d=\"M0,0h24v24H0V0z\"><\/path><path d=\"M12,5.83L15.17,9l1.41-1.41L12,3L7.41,7.59L8.83,9L12,5.83z M12,18.17L8.83,15l-1.41,1.41L12,21l4.59-4.59L15.17,15 L12,18.17z\"><\/path><\/svg><\/span><h4 class=\"advgb-accordion-header-title\" style=\"color:inherit\">Czy s\u0105 toalety chemiczne i obs\u0142uga kamper\u00f3w?<\/h4><\/div><div class=\"advgb-accordion-body\" style=\"border-style:solid !important;border-width:1px !important;border-color:undefined !important;border-top:none !important;border-radius:2px !important\">\n\n<p>Wszystkie bloki sanitarne na kempingu s\u0105 wyposa\u017cone w toalety chemiczne, serwis dla kamper\u00f3w znajduje si\u0119 na zewn\u0105trz bloku. 5.<\/p>\n\n<\/div><\/div>\n\n\n\n<div class=\"wp-block-advgb-accordion-item advgb-accordion-item\" style=\"margin-bottom:15px\"><div class=\"advgb-accordion-header\" style=\"background-color:#FFFFFF;color:#000000;border-style:solid;border-width:1px;border-radius:2px\"><span class=\"advgb-accordion-header-icon\"><svg fill=\"#fff\" xmlns=\"http:\/\/www.w3.org\/2000\/svg\" width=\"24\" height=\"24\" viewBox=\"0 0 24 24\"><path fill=\"none\" d=\"M0,0h24v24H0V0z\"><\/path><path d=\"M12,5.83L15.17,9l1.41-1.41L12,3L7.41,7.59L8.83,9L12,5.83z M12,18.17L8.83,15l-1.41,1.41L12,21l4.59-4.59L15.17,15 L12,18.17z\"><\/path><\/svg><\/span><h4 class=\"advgb-accordion-header-title\" style=\"color:inherit\">Czy wymagany jest specjalny dokument dotycz\u0105cy pobytu\/rejestracji psa?<\/h4><\/div><div class=\"advgb-accordion-body\" style=\"border-style:solid !important;border-width:1px !important;border-color:undefined !important;border-top:none !important;border-radius:2px !important\">\n\n<p>Pobyt psa w o\u015brodku nie wymaga \u017cadnych specjalnych dokument\u00f3w ani zezwole\u0144. Do wjazdu do kraju wymagany jest paszport dla psa oraz \u015bwiadectwo szczepienia zwierz\u0119cia.<\/p>\n\n<\/div><\/div>\n\n\n\n<div class=\"wp-block-advgb-accordion-item advgb-accordion-item\" style=\"margin-bottom:15px\"><div class=\"advgb-accordion-header\" style=\"background-color:#FFFFFF;color:#000000;border-style:solid;border-width:1px;border-radius:2px\"><span class=\"advgb-accordion-header-icon\"><svg fill=\"#fff\" xmlns=\"http:\/\/www.w3.org\/2000\/svg\" width=\"24\" height=\"24\" viewBox=\"0 0 24 24\"><path fill=\"none\" d=\"M0,0h24v24H0V0z\"><\/path><path d=\"M12,5.83L15.17,9l1.41-1.41L12,3L7.41,7.59L8.83,9L12,5.83z M12,18.17L8.83,15l-1.41,1.41L12,21l4.59-4.59L15.17,15 L12,18.17z\"><\/path><\/svg><\/span><h4 class=\"advgb-accordion-header-title\" style=\"color:inherit\">Czy mo\u017cliwe jest rozstawienie kilku namiot\u00f3w lub zestawu kempingowego?<\/h4><\/div><div class=\"advgb-accordion-body\" style=\"border-style:solid !important;border-width:1px !important;border-color:undefined !important;border-top:none !important;border-radius:2px !important\">\n\n<p>Na parceli mo\u017cna ustawi\u0107 zestaw kempingowy (kamper, przyczepa kempingowa lub namiot) + przedsionek; w wyj\u0105tkowych przypadkach dopuszcza si\u0119 dodatkowy ma\u0142y namiot.<\/p>\n\n<\/div><\/div>\n<\/div>\n\n<\/div>\n<\/div><\/div>","protected":false},"excerpt":{"rendered":"","protected":false},"author":1,"featured_media":18875,"parent":0,"menu_order":0,"comment_status":"closed","ping_status":"closed","template":"","meta":{"_acf_changed":false,"advgb_blocks_editor_width":"","advgb_blocks_columns_visual_guide":"","footnotes":""},"class_list":["post-18907","page","type-page","status-publish","has-post-thumbnail","hentry","entry"],"acf":[],"yoast_head":"<!-- This site is optimized with the Yoast SEO plugin v26.0 - https:\/\/yoast.com\/wordpress\/plugins\/seo\/ -->\n<title>Witamy w naszym klubie | Camping Resort BiVillage<\/title>\n<meta name=\"description\" content=\"Do\u0142\u0105cz do spo\u0142eczno\u015bci BiHoliday! Poznaj godziny otwarcia BiVillage, regulamin, us\u0142ugi i sprawd\u017a odpowiedzi na cz\u0119sto zadawane pytania.\" \/>\n<meta name=\"robots\" content=\"index, follow, max-snippet:-1, max-image-preview:large, max-video-preview:-1\" \/>\n<link rel=\"canonical\" href=\"https:\/\/www.bivillage.com\/pl\/witamy-w-naszym-klubie\/\" \/>\n<meta property=\"og:locale\" content=\"pl_PL\" \/>\n<meta property=\"og:type\" content=\"article\" \/>\n<meta property=\"og:title\" content=\"Witamy w naszym klubie | Camping Resort BiVillage\" \/>\n<meta property=\"og:description\" content=\"Do\u0142\u0105cz do spo\u0142eczno\u015bci BiHoliday! Poznaj godziny otwarcia BiVillage, regulamin, us\u0142ugi i sprawd\u017a odpowiedzi na cz\u0119sto zadawane pytania.\" \/>\n<meta property=\"og:url\" content=\"https:\/\/www.bivillage.com\/pl\/witamy-w-naszym-klubie\/\" \/>\n<meta property=\"og:site_name\" content=\"BiVillage\" \/>\n<meta property=\"article:publisher\" content=\"https:\/\/www.facebook.com\/BiVillageHolidayCenter\/\" \/>\n<meta property=\"article:modified_time\" content=\"2026-01-20T09:07:53+00:00\" \/>\n<meta property=\"og:image\" content=\"https:\/\/www.bivillage.com\/wp-content\/uploads\/2022\/08\/dove-siamo-bivillage-croazia-banner.jpg\" \/>\n\t<meta property=\"og:image:width\" content=\"1920\" \/>\n\t<meta property=\"og:image:height\" content=\"1000\" \/>\n\t<meta property=\"og:image:type\" content=\"image\/jpeg\" \/>\n<meta name=\"twitter:card\" content=\"summary_large_image\" \/>\n<meta name=\"twitter:label1\" content=\"Szacowany czas czytania\" \/>\n\t<meta name=\"twitter:data1\" content=\"7 minut\" \/>\n<script type=\"application\/ld+json\" class=\"yoast-schema-graph\">{\"@context\":\"https:\/\/schema.org\",\"@graph\":[{\"@type\":\"WebPage\",\"@id\":\"https:\/\/www.bivillage.com\/pl\/witamy-w-naszym-klubie\/\",\"url\":\"https:\/\/www.bivillage.com\/pl\/witamy-w-naszym-klubie\/\",\"name\":\"Witamy w naszym klubie | Camping Resort BiVillage\",\"isPartOf\":{\"@id\":\"https:\/\/www.bivillage.com\/pl\/#website\"},\"primaryImageOfPage\":{\"@id\":\"https:\/\/www.bivillage.com\/pl\/witamy-w-naszym-klubie\/#primaryimage\"},\"image\":{\"@id\":\"https:\/\/www.bivillage.com\/pl\/witamy-w-naszym-klubie\/#primaryimage\"},\"thumbnailUrl\":\"https:\/\/www.bivillage.com\/wp-content\/uploads\/2022\/08\/dove-siamo-bivillage-croazia-banner.jpg\",\"datePublished\":\"2024-01-25T09:40:09+00:00\",\"dateModified\":\"2026-01-20T09:07:53+00:00\",\"description\":\"Do\u0142\u0105cz do spo\u0142eczno\u015bci BiHoliday! Poznaj godziny otwarcia BiVillage, regulamin, us\u0142ugi i sprawd\u017a odpowiedzi na cz\u0119sto zadawane pytania.\",\"breadcrumb\":{\"@id\":\"https:\/\/www.bivillage.com\/pl\/witamy-w-naszym-klubie\/#breadcrumb\"},\"inLanguage\":\"pl-PL\",\"potentialAction\":[{\"@type\":\"ReadAction\",\"target\":[\"https:\/\/www.bivillage.com\/pl\/witamy-w-naszym-klubie\/\"]}]},{\"@type\":\"ImageObject\",\"inLanguage\":\"pl-PL\",\"@id\":\"https:\/\/www.bivillage.com\/pl\/witamy-w-naszym-klubie\/#primaryimage\",\"url\":\"https:\/\/www.bivillage.com\/wp-content\/uploads\/2022\/08\/dove-siamo-bivillage-croazia-banner.jpg\",\"contentUrl\":\"https:\/\/www.bivillage.com\/wp-content\/uploads\/2022\/08\/dove-siamo-bivillage-croazia-banner.jpg\",\"width\":1920,\"height\":1000},{\"@type\":\"BreadcrumbList\",\"@id\":\"https:\/\/www.bivillage.com\/pl\/witamy-w-naszym-klubie\/#breadcrumb\",\"itemListElement\":[{\"@type\":\"ListItem\",\"position\":1,\"name\":\"Home\",\"item\":\"https:\/\/www.bivillage.com\/pl\/\"},{\"@type\":\"ListItem\",\"position\":2,\"name\":\"Witamy w naszym klubie\"}]},{\"@type\":\"WebSite\",\"@id\":\"https:\/\/www.bivillage.com\/pl\/#website\",\"url\":\"https:\/\/www.bivillage.com\/pl\/\",\"name\":\"BiVillage\",\"description\":\"Fasana, ISTRIA\",\"publisher\":{\"@id\":\"https:\/\/www.bivillage.com\/pl\/#organization\"},\"potentialAction\":[{\"@type\":\"SearchAction\",\"target\":{\"@type\":\"EntryPoint\",\"urlTemplate\":\"https:\/\/www.bivillage.com\/pl\/?s={search_term_string}\"},\"query-input\":{\"@type\":\"PropertyValueSpecification\",\"valueRequired\":true,\"valueName\":\"search_term_string\"}}],\"inLanguage\":\"pl-PL\"},{\"@type\":\"Organization\",\"@id\":\"https:\/\/www.bivillage.com\/pl\/#organization\",\"name\":\"BiVillage\",\"alternateName\":\"bivillage\",\"url\":\"https:\/\/www.bivillage.com\/pl\/\",\"logo\":{\"@type\":\"ImageObject\",\"inLanguage\":\"pl-PL\",\"@id\":\"https:\/\/www.bivillage.com\/pl\/#\/schema\/logo\/image\/\",\"url\":\"https:\/\/www.bivillage.com\/wp-content\/uploads\/2022\/04\/logo-bivillage.png\",\"contentUrl\":\"https:\/\/www.bivillage.com\/wp-content\/uploads\/2022\/04\/logo-bivillage.png\",\"width\":973,\"height\":340,\"caption\":\"BiVillage\"},\"image\":{\"@id\":\"https:\/\/www.bivillage.com\/pl\/#\/schema\/logo\/image\/\"},\"sameAs\":[\"https:\/\/www.facebook.com\/BiVillageHolidayCenter\/\",\"https:\/\/www.instagram.com\/bivillage_holidayresort\/\",\"https:\/\/www.youtube.com\/channel\/UCu0whYLFWz1DQK-xiTLIuVw\",\"https:\/\/www.tiktok.com\/@bivillage\"]}]}<\/script>\n<!-- \/ Yoast SEO plugin. -->","yoast_head_json":{"title":"Witamy w naszym klubie | Camping Resort BiVillage","description":"Do\u0142\u0105cz do spo\u0142eczno\u015bci BiHoliday! Poznaj godziny otwarcia BiVillage, regulamin, us\u0142ugi i sprawd\u017a odpowiedzi na cz\u0119sto zadawane pytania.","robots":{"index":"index","follow":"follow","max-snippet":"max-snippet:-1","max-image-preview":"max-image-preview:large","max-video-preview":"max-video-preview:-1"},"canonical":"https:\/\/www.bivillage.com\/pl\/witamy-w-naszym-klubie\/","og_locale":"pl_PL","og_type":"article","og_title":"Witamy w naszym klubie | Camping Resort BiVillage","og_description":"Do\u0142\u0105cz do spo\u0142eczno\u015bci BiHoliday! Poznaj godziny otwarcia BiVillage, regulamin, us\u0142ugi i sprawd\u017a odpowiedzi na cz\u0119sto zadawane pytania.","og_url":"https:\/\/www.bivillage.com\/pl\/witamy-w-naszym-klubie\/","og_site_name":"BiVillage","article_publisher":"https:\/\/www.facebook.com\/BiVillageHolidayCenter\/","article_modified_time":"2026-01-20T09:07:53+00:00","og_image":[{"width":1920,"height":1000,"url":"https:\/\/www.bivillage.com\/wp-content\/uploads\/2022\/08\/dove-siamo-bivillage-croazia-banner.jpg","type":"image\/jpeg"}],"twitter_card":"summary_large_image","twitter_misc":{"Szacowany czas czytania":"7 minut"},"schema":{"@context":"https:\/\/schema.org","@graph":[{"@type":"WebPage","@id":"https:\/\/www.bivillage.com\/pl\/witamy-w-naszym-klubie\/","url":"https:\/\/www.bivillage.com\/pl\/witamy-w-naszym-klubie\/","name":"Witamy w naszym klubie | Camping Resort BiVillage","isPartOf":{"@id":"https:\/\/www.bivillage.com\/pl\/#website"},"primaryImageOfPage":{"@id":"https:\/\/www.bivillage.com\/pl\/witamy-w-naszym-klubie\/#primaryimage"},"image":{"@id":"https:\/\/www.bivillage.com\/pl\/witamy-w-naszym-klubie\/#primaryimage"},"thumbnailUrl":"https:\/\/www.bivillage.com\/wp-content\/uploads\/2022\/08\/dove-siamo-bivillage-croazia-banner.jpg","datePublished":"2024-01-25T09:40:09+00:00","dateModified":"2026-01-20T09:07:53+00:00","description":"Do\u0142\u0105cz do spo\u0142eczno\u015bci BiHoliday! Poznaj godziny otwarcia BiVillage, regulamin, us\u0142ugi i sprawd\u017a odpowiedzi na cz\u0119sto zadawane pytania.","breadcrumb":{"@id":"https:\/\/www.bivillage.com\/pl\/witamy-w-naszym-klubie\/#breadcrumb"},"inLanguage":"pl-PL","potentialAction":[{"@type":"ReadAction","target":["https:\/\/www.bivillage.com\/pl\/witamy-w-naszym-klubie\/"]}]},{"@type":"ImageObject","inLanguage":"pl-PL","@id":"https:\/\/www.bivillage.com\/pl\/witamy-w-naszym-klubie\/#primaryimage","url":"https:\/\/www.bivillage.com\/wp-content\/uploads\/2022\/08\/dove-siamo-bivillage-croazia-banner.jpg","contentUrl":"https:\/\/www.bivillage.com\/wp-content\/uploads\/2022\/08\/dove-siamo-bivillage-croazia-banner.jpg","width":1920,"height":1000},{"@type":"BreadcrumbList","@id":"https:\/\/www.bivillage.com\/pl\/witamy-w-naszym-klubie\/#breadcrumb","itemListElement":[{"@type":"ListItem","position":1,"name":"Home","item":"https:\/\/www.bivillage.com\/pl\/"},{"@type":"ListItem","position":2,"name":"Witamy w naszym klubie"}]},{"@type":"WebSite","@id":"https:\/\/www.bivillage.com\/pl\/#website","url":"https:\/\/www.bivillage.com\/pl\/","name":"BiVillage","description":"Fasana, ISTRIA","publisher":{"@id":"https:\/\/www.bivillage.com\/pl\/#organization"},"potentialAction":[{"@type":"SearchAction","target":{"@type":"EntryPoint","urlTemplate":"https:\/\/www.bivillage.com\/pl\/?s={search_term_string}"},"query-input":{"@type":"PropertyValueSpecification","valueRequired":true,"valueName":"search_term_string"}}],"inLanguage":"pl-PL"},{"@type":"Organization","@id":"https:\/\/www.bivillage.com\/pl\/#organization","name":"BiVillage","alternateName":"bivillage","url":"https:\/\/www.bivillage.com\/pl\/","logo":{"@type":"ImageObject","inLanguage":"pl-PL","@id":"https:\/\/www.bivillage.com\/pl\/#\/schema\/logo\/image\/","url":"https:\/\/www.bivillage.com\/wp-content\/uploads\/2022\/04\/logo-bivillage.png","contentUrl":"https:\/\/www.bivillage.com\/wp-content\/uploads\/2022\/04\/logo-bivillage.png","width":973,"height":340,"caption":"BiVillage"},"image":{"@id":"https:\/\/www.bivillage.com\/pl\/#\/schema\/logo\/image\/"},"sameAs":["https:\/\/www.facebook.com\/BiVillageHolidayCenter\/","https:\/\/www.instagram.com\/bivillage_holidayresort\/","https:\/\/www.youtube.com\/channel\/UCu0whYLFWz1DQK-xiTLIuVw","https:\/\/www.tiktok.com\/@bivillage"]}]}},"coauthors":[],"author_meta":{"author_link":"https:\/\/www.bivillage.com\/pl\/news\/author\/admin\/","display_name":"admin"},"relative_dates":{"created":"Posted 2 lata ago","modified":"Updated 3 miesi\u0105ce ago"},"absolute_dates":{"created":"Posted on 25 stycznia, 2024","modified":"Updated on 20 stycznia, 2026"},"absolute_dates_time":{"created":"Posted on 25 stycznia, 2024 10:40 am","modified":"Updated on 20 stycznia, 2026 10:07 am"},"featured_img_caption":"","featured_img":"https:\/\/www.bivillage.com\/wp-content\/uploads\/2022\/08\/dove-siamo-bivillage-croazia-banner-1568x817.jpg","series_order":"","_links":{"self":[{"href":"https:\/\/www.bivillage.com\/pl\/wp-json\/wp\/v2\/pages\/18907","targetHints":{"allow":["GET"]}}],"collection":[{"href":"https:\/\/www.bivillage.com\/pl\/wp-json\/wp\/v2\/pages"}],"about":[{"href":"https:\/\/www.bivillage.com\/pl\/wp-json\/wp\/v2\/types\/page"}],"author":[{"embeddable":true,"href":"https:\/\/www.bivillage.com\/pl\/wp-json\/wp\/v2\/users\/1"}],"replies":[{"embeddable":true,"href":"https:\/\/www.bivillage.com\/pl\/wp-json\/wp\/v2\/comments?post=18907"}],"version-history":[{"count":0,"href":"https:\/\/www.bivillage.com\/pl\/wp-json\/wp\/v2\/pages\/18907\/revisions"}],"wp:featuredmedia":[{"embeddable":true,"href":"https:\/\/www.bivillage.com\/pl\/wp-json\/wp\/v2\/media\/18875"}],"wp:attachment":[{"href":"https:\/\/www.bivillage.com\/pl\/wp-json\/wp\/v2\/media?parent=18907"}],"curies":[{"name":"wp","href":"https:\/\/api.w.org\/{rel}","templated":true}]}}