{"id":9597,"date":"2022-10-20T13:07:35","date_gmt":"2022-10-20T11:07:35","guid":{"rendered":"https:\/\/www.bivillage.com\/eu-projekt\/"},"modified":"2023-03-06T17:37:01","modified_gmt":"2023-03-06T16:37:01","slug":"eu-projekt","status":"publish","type":"page","link":"https:\/\/www.bivillage.com\/de\/eu-projekt\/","title":{"rendered":"EU Projekt"},"content":{"rendered":"<div  class=\"grids-section grids-is-advanced alignwide\" style=\"--_gs-gap-desktop:0px 0px;--_gs-m-desktop:0 0 0 0;--_gs-p-desktop:0 0 0 0;--_gs-bg-desktop:transparent none;--_gs-bg-xp-desktop:0px;--_gs-zi-desktop:auto;--_gs-d-desktop:block;--_gs-mw-desktop:calc(100% - 0 - 0);--_gs-gap-tablet:0px 0px;--_gs-m-tablet:0 0 0 0;--_gs-p-tablet:0 0 0 0;--_gs-bg-tablet:transparent none;--_gs-bg-xp-tablet:0px;--_gs-zi-tablet:auto;--_gs-d-tablet:block;--_gs-mw-tablet:calc(100% - 0 - 0);--_gs-gap-mobile:0px 0px;--_gs-m-mobile:0 0 0 0;--_gs-p-mobile:0 0 0 0;--_gs-bg-mobile:transparent none;--_gs-bg-xp-mobile:0px;--_gs-zi-mobile:auto;--_gs-d-mobile:block;--_gs-mw-mobile:calc(100% - 0 - 0);--_gs-columns:12;--_gs-rows:6\"><div class=\"grids-s-w_i\">\n<div class=\"grids-area\" style=\"--_ga-column:2\/12;--_ga-row:1\/7;--_ga-m-desktop:0 0 0 0;--_ga-p-desktop:0 0 0 0;--_ga-bg-desktop:transparent none;--_ga-zi-desktop:auto;--_ga-d-desktop:flex;--_ga-mw-desktop:calc(100% - 0 - 0);--_ga-m-tablet:0 0 0 0;--_ga-p-tablet:0 0 0 0;--_ga-bg-tablet:transparent none;--_ga-zi-tablet:auto;--_ga-d-tablet:flex;--_ga-mw-tablet:calc(100% - 0 - 0);--_ga-m-mobile:0 0 0 0;--_ga-p-mobile:0 0 0 0;--_ga-bg-mobile:transparent none;--_ga-zi-mobile:auto;--_ga-d-mobile:flex;--_ga-mw-mobile:calc(100% - 0 - 0)\">\n\n<h2 class=\"has-text-align-center wp-block-heading\">Umsetzung des Eu-projekts zur Verbesserung der Energieeffizienz des Feriendorfs BiVillage<\/h2>\n\n<\/div>\n<\/div><\/div>\n\n<div  class=\"grids-section row-elenchi grids-is-advanced alignfull\" style=\"--_gs-gap-desktop:0px 0px;--_gs-m-desktop:0 0 0 0;--_gs-p-desktop:0 0 0 0;--_gs-bg-desktop:transparent none;--_gs-bg-xp-desktop:0px;--_gs-zi-desktop:auto;--_gs-d-desktop:block;--_gs-mw-desktop:calc(100% - 0 - 0);--_gs-gap-tablet:0px 0px;--_gs-m-tablet:0 0 0 0;--_gs-p-tablet:0 0 0 0;--_gs-bg-tablet:transparent none;--_gs-bg-xp-tablet:0px;--_gs-zi-tablet:auto;--_gs-d-tablet:block;--_gs-mw-tablet:calc(100% - 0 - 0);--_gs-gap-mobile:0px 0px;--_gs-m-mobile:0 0 0 0;--_gs-p-mobile:0 0 0 0;--_gs-bg-mobile:transparent none;--_gs-bg-xp-mobile:0px;--_gs-zi-mobile:auto;--_gs-d-mobile:block;--_gs-mw-mobile:calc(100% - 0 - 0);--_gs-columns:12;--_gs-rows:6\"><div class=\"grids-s-w_i\">\n<div class=\"grids-area\" style=\"--_ga-column:2\/12;--_ga-row:1\/8;--_ga-m-desktop:0 0 0 0;--_ga-p-desktop:0 0 0 0;--_ga-bg-desktop:transparent none;--_ga-zi-desktop:auto;--_ga-d-desktop:flex;--_ga-mw-desktop:calc(100% - 0 - 0);--_ga-m-tablet:0 0 0 0;--_ga-p-tablet:0 0 0 0;--_ga-bg-tablet:transparent none;--_ga-zi-tablet:auto;--_ga-d-tablet:flex;--_ga-mw-tablet:calc(100% - 0 - 0);--_ga-m-mobile:0 0 0 0;--_ga-p-mobile:0 0 0 0;--_ga-bg-mobile:transparent none;--_ga-zi-mobile:auto;--_ga-d-mobile:flex;--_ga-mw-mobile:calc(100% - 0 - 0)\">\n\n<h3 class=\"has-text-align-center wp-block-heading\"><strong>Umsetzung des eu-projekts zur verbesserung der energieeffizienz des feriendorfs \u201ebi village\u201c in fa\u017eana durch investitionen in erneuerbare energiequellen<\/strong><\/h3>\n\n\n<div class=\"wp-block-image\">\n<figure class=\"aligncenter size-full\"><img style=\"background-color: #dbd8e4;\" decoding=\"async\" width=\"809\" height=\"99\" src=\"https:\/\/www.bivillage.com\/wp-content\/uploads\/2022\/08\/Logotipovi.webp\" alt=\"\" class=\"wp-image-5872\" srcset=\"https:\/\/www.bivillage.com\/wp-content\/uploads\/2022\/08\/Logotipovi.webp 809w, https:\/\/www.bivillage.com\/wp-content\/uploads\/2022\/08\/Logotipovi-300x37.webp 300w, https:\/\/www.bivillage.com\/wp-content\/uploads\/2022\/08\/Logotipovi-768x94.webp 768w\" sizes=\"(max-width: 809px) 100vw, 809px\" \/><\/figure>\n<\/div>\n\n\n<p>Das Unternehmen INDUSTRIAL PROJECTS d.o.o. aus Fa\u017eana bewarb sich im September 2018 mit einem Projekt um die \u00f6ffentliche <strong>Ausschreibung des Ministeriums f\u00fcr Umwelt und Energie \u201eSteigerung der Energieeffizienz und Nutzung erneuerbarer Energiequellen im Dienstleistungssektor (Tourismus, Handel)\u201c, Code KK.04.1.2.01<\/strong> Ziel ist es, die Energieeffizienz des Feriendorfs Bi Village durch Investitionen in erneuerbare Energiequellen zu steigern.<\/p>\n\n\n\n<p><strong>Das 1994 gegr\u00fcndete Unternehmen INDUSTRIAL PROJECTS d.o.o.<\/strong> entschied sich f\u00fcr ein Projekt zur Reduzierung des hohen Verbrauchs an vorhandenen Energiequellen im Feriendorf und zur Steigerung der Energieeffizienz des Zentrums, da die letzte im Jahr 2004 get\u00e4tigte Bauinvestition nicht  vollst\u00e4ndig war Ber\u00fccksichtigung von Energieeffizienzma\u00dfnahmen und der Nutzung erneuerbarer Energiequellen.<\/p>\n\n\n\n<p>Der Projektantrag hat alle Bewertungsphasen durchlaufen und im Februar dieses Jahres wurde eine Finanzhilfevereinbarung zwischen INDUSTRIAL PROJECTS d.o.o., dem <strong>Ministerium f\u00fcr Umwelt und Energie als zwischengeschaltetem Gremium der Stufe 1 und dem Fonds f\u00fcr Umweltschutz und Energieeffizienz als zwischengeschaltetem Gremium unterzeichnet Stufe 2, dh 4.633.876,79 Kuna<\/strong>, wurden gew\u00e4hrt, um die Energieeffizienz des Feriendorfs zu erh\u00f6hen. Die Verwaltungsbeh\u00f6rde f\u00fcr das operationelle Programm Wettbewerbsf\u00e4higkeit und Zusammenhalt 2014-2020 ist das <strong>Ministerium f\u00fcr regionale Entwicklung und EU-Mittel.<\/strong><\/p>\n\n\n\n<p>Das Feriendorf \u201eBi Village\u201c besteht aus einem Campingplatz, Ferienwohnungen, Mobilheimen, Villen und Zimmern, Toiletten, Bewirtung und anderen Einrichtungen. Das Feriendorf hat eine Kapazit\u00e4t von <strong>1.682 Wohneinheiten oder ca. 6.000 G\u00e4sten.<\/strong> Das Unternehmen, das das Resort verwaltet, befindet sich zu <strong>100% im Besitz der italienischen Firma Biasuzzi S.p.A.<\/strong>, die gegr\u00fcndet wurde, um den Tourismus und neue Projekte im Tourismusbereich zu entwickeln. Mit der Gr\u00fcndung des Unternehmens wurde ein Investitionsprojekt auf der gr\u00fcnen Wiese in der Gemeinde Fa\u017eana initiiert. Aufgrund dieses Projekts wurde das Feriendorf Bi Village in mehreren Entwicklungsstadien errichtet und 2004 vollst\u00e4ndig realisiert. Das Feriendorf wurde im Jahr 2000 er\u00f6ffnet und <strong>2013 vom Tourismusministerium zum besten Urlaubsort ernannt.<\/strong> Das Zentrum ist im Durchschnitt w\u00e4hrend der Saison von M\u00e4rz bis Oktober aktiv.<\/p>\n\n\n\n<p><strong>Das \u00fcbergeordnete Ziel<\/strong> des Projekts ist die Steigerung der Energieeffizienz des Tourismusdienstleistungssektors in der Gemeinde Fa\u017eana in der Gespanschaft Istrien. <strong>Die konkreten Ziele<\/strong> des Projekts sind: Reduzierung des Energieverbrauchs im Feriendorf der Gemeinde Fa\u017eana durch Investitionen in Ma\u00dfnahmen zur Nutzung erneuerbarer Energiequellen, Verbesserung der Aufenthaltsqualit\u00e4t der G\u00e4ste im Feriendorf und F\u00f6rderung der Energieeffizienz und erneuerbare Energiequellen in der Gemeinde Fa\u017eana und in Istrien sowie Reduzierung der CO2-Emissionen im Tourismusdienstleistungssektor in der Gemeinde Fa\u017eana.<\/p>\n\n\n\n<p><strong>Zielgruppe des Projekts<\/strong> sind vor allem Industrial Projects d.o.o. und G\u00e4ste, die sich im Feriendorf aufhalten, w\u00e4hrend der Endverbraucher der Tourismussektor in der Gespanschaft Istrien und der \u00f6rtlichen Gemeinde ist.<\/p>\n\n\n\n<p>M\u00e4ngel im Gesch\u00e4ft des bestehenden Feriendorfs treten in Form von mehr Energie auf, die f\u00fcr den Betrieb ben\u00f6tigt wird, was zu hohen Betriebskosten f\u00fchrt, was die fraglichen Investitionen rechtfertigt und die Notwendigkeit zur Steigerung der Energieeffizienz des Feriendorfs durch Investitionen in erneuerbare Energien spricht Energiequellen. <strong>Der Energiebedarf f\u00fcr den Betrieb des Feriendorfs \u201eBi Village\u201c betr\u00e4gt 1.804.834,23 kWh pro Jahr<\/strong> (davon entfallen 1.079.561,13 kWh auf den Stromverbrauch und 725.273 kWh auf Fl\u00fcssiggas). <strong>Das Projekt wird das Problem<\/strong> des hohen Energieverbrauchs im Zentrum <strong>l\u00f6sen<\/strong>, n\u00e4mlich des hohen Stromverbrauchs in Wohnungen, des hohen Verbrauchs an Fl\u00fcssiggas zum Erhitzen des Wassers in den Toilettenanlagen und des hohen Verbrauchs an Klimaanlagen in Wohnungen mit zwei Badezimmern und derzeit viel hei\u00dfes Wasser verbrauchen. Auf diese Weise wird das Projekt die Menge an Energie aus dem Verteilungsnetz (Strom) und Energie aus konventionellen Energiequellen reduzieren. Die nach Projektdurchf\u00fchrung gelieferte Energie bel\u00e4uft sich auf 838.723,13 kWh, wodurch sich der j\u00e4hrliche CO2-Aussto\u00df um 232,12 t \/ Jahr<\/p>\n\n\n\n<p>Das Projekt besteht aus insgesamt vier (4) Projektaktivit\u00e4ten \u2013 Projekt- und Verwaltungsmanagement, \u00d6ffentlichkeitsarbeit und Sichtbarkeit, <strong>fachkundige \u00dcberwachung der Arbeiten und Investitionen in erneuerbare Energien und hocheffiziente KraftW\u00e4rme-Kopplung<\/strong>, die den zentralen Teil des Projekts bilden. Um die ungehinderte Arbeit des Feriendorfs und zus\u00e4tzliche Sicherheit zu gew\u00e4hrleisten, werden die Installation der Ausr\u00fcstung und aller Arbeiten in der Nebensaison und vor Beginn der Saison 2020 gem\u00e4\u00df dem Hauptprojekt zur Verbesserung der Energieeffizienz durchgef\u00fchrt des Feriendorfs (Projekt f\u00fcr Elektrotechnik und Maschinenbau) von <strong>Za\u0161tita in\u017eenjering konzalting d.o.o.<\/strong> aus Rovinj. In \u00dcbereinstimmung mit der Verordnung \u00fcber einfache Geb\u00e4ude war es nicht erforderlich, eine Baugenehmigung f\u00fcr die Installation der Ausr\u00fcstung und die Ausf\u00fchrung der Arbeiten zu erhalten, sondern die elektrische Genehmigung von HEP einzuholen.<\/p>\n\n\n\n<p>Die Investitionen betreffen die T\u00e4tigkeit I 55.30 \u2013 Campingpl\u00e4tze und Campingpl\u00e4tze, die die Hauptt\u00e4tigkeit und auch die T\u00e4tigkeit I 55.10 Hotels und \u00e4hnliche Beherbergungsbetriebe darstellen, da zu den Investitionsgegenst\u00e4nden auch die Touristenwohnungen geh\u00f6ren. Das Projekt entspricht in vollem Umfang der Priorit\u00e4tsachse 4, d. H. Dem spezifischen Ziel von SC 4b2 <strong>\u201eSteigerung der Energieeffizienz und Nutzung erneuerbarer Energiequellen im Dienstleistungssektor (Tourismus, Handel)\u201c des operationellen Programms Wettbewerbsf\u00e4higkeit und Koh\u00e4sion 2014-2020.<\/strong> Dar\u00fcber hinaus steht das Projekt im Einklang mit dem \u201eProgramm f\u00fcr die Gesamtentwicklung der Gemeinde Fa\u017eana\u201c.<\/p>\n\n\n\n<p>Das Projekt entwickelt die folgenden Pl\u00e4ne:\r\n&#8211; <strong>Installation von Photovoltaikanlagen<\/strong> \u2013 4 Photovoltaikanlagen (Stromerzeugung aus Solarenergie) an der Rezeption, Verwaltung, Pizzeria und im Restaurant f\u00fcr die Bed\u00fcrfnisse des Feriendorfs und Installation von 100 Photovoltaikanlagen auf 100 Wohnungen\r\n&#8211; <strong>Installation von hybriden Photovoltaikanlagen<\/strong> (hocheffiziente Kraft-W\u00e4rme-Kopplung) \u2013 94 hybriden Photovoltaikanlagen (Erzeugung von Strom aus Sonnenenergie und gleichzeitig thermischer Energie f\u00fcr die Trinkwassererw\u00e4rmung) auf 96 Wohnungen\r\n&#8211; <strong>Installation von Sonnenkollektoren<\/strong> \u2013 160 Sonnenkollektoren (Erzeugung von W\u00e4rmeenergie f\u00fcr die Warmwasserbereitung) auf 5 Toilettenanlagen\r\n&#8211; <strong>Bau einer Zugangsrampe f\u00fcr Personen mit eingeschr\u00e4nkter Mobilit\u00e4t<\/strong> am \u201eStrandraum\u201c, die die Zug\u00e4nglichkeit f\u00fcr Personen mit besonderen Bed\u00fcrfnissen gew\u00e4hrleistet.<\/p>\n\n\n\n<p>Die folgenden Aktivit\u00e4ten sind im Rahmen der <strong>Publizit\u00e4ts- und Sichtbarkeitsaktivit\u00e4ten<\/strong> des Projekts geplant: Neugestaltung der Website \u201eBi Village\u201c und \u00dcbersetzung der neu gestalteten Website in englische, italienische und deutsche Sprache, Entwicklung und Implementierung der Google AdWords-Kampagne und der Facebook-Kampagne f\u00fcr einen Zeitraum von 6 Monate, Ver\u00f6ffentlichung von 2 Artikeln in lokalen Medien, Produktion von 2 Panels, um die Sichtbarkeit des Projekts zu gew\u00e4hrleisten, Produktion und Platzierung von 3 Jumboplakaten und Produktion und Druck von 10.000 Brosch\u00fcren mit englischer \u00dcbersetzung. Neben der Gew\u00e4hrleistung <strong>der Sichtbarkeit des EU-Projekts wird eine weitere F\u00f6rderung der Energieeffizienz und der erneuerbaren Energien durch geplante Publizit\u00e4ts- und Sichtbarkeitsaktivit\u00e4ten gew\u00e4hrt.<\/strong><\/p>\n\n\n\n<p>Die Umsetzung des Projekts wird zu folgenden Ergebnissen f\u00fchren: Der <strong>Anteil erneuerbarer Energien am Gesamtenergieverbrauch<\/strong> des Feriendorfs erh\u00f6ht sich um <strong>966.111,00 kWh<\/strong>, und der Energieverbrauch des Feriendorfs wird um <strong>53,53%<\/strong> gesenkt. Die Umsetzung des Projekts wird gr\u00f6\u00dfere Auswirkungen haben: Es wird zur lokalen Bev\u00f6lkerung beitragen, indem die <strong>CO2-Emissionen um 232,12 t \/ Jahr im Vergleich zur gegenw\u00e4rtigen<\/strong> Situation gesenkt werden. Es wird sich positiv auf die Minderung der m\u00f6glichen negativen Auswirkungen auf die menschliche Gesundheit  und die Umwelt auswirken und das Klima werden die Qualit\u00e4t des Aufenthaltes der G\u00e4ste im Feriendorf verbessern und die Energieeffizienz und die erneuerbaren Energiequellen in der Gemeinde Fa\u017eana und in Istrien f\u00f6rdern.<\/p>\n\n\n\n<p>Die Beschaffung f\u00fcr externe Projektmanagementleistungen wurde durchgef\u00fchrt und das g\u00fcnstigste Angebot kam von <strong>Eurokonzalting d.o.o. von Pula<\/strong>, der f\u00fcr die Verwaltung der Projektaktivit\u00e4ten w\u00e4hrend der gesamten Projektdurchf\u00fchrung verantwortlich ist. Neben dem Beratungsunternehmen wird auch der technische Leiter in die Umsetzung des Projekts einbezogen. Auch die Beschaffung f\u00fcr den Werbe- und Sichtbarkeitsdienst wurde w\u00e4hrend der Durchf\u00fchrung des Projekts durchgef\u00fchrt, und die Firma <strong>Mijena d.o.o. aus Pula<\/strong> wurde ausgew\u00e4hlt. Derzeit befindet sich die Ausarbeitung der Ausschreibungsunterlagen f\u00fcr die Beschaffung von Ger\u00e4ten zur Steigerung der Energieeffizienz des Feriendorfs und die Ausf\u00fchrung von Arbeiten in der Endphase und soll im September des laufenden Jahres \u00f6ffentlich bekannt gegeben werden Jahr. Gleichzeitig mit der Auftragsvergabe an den Auftragnehmer erfolgt die Auftragsvergabe zur fachkundigen Begleitung w\u00e4hrend der Ausf\u00fchrung der Arbeiten.<\/p>\n\n\n\n<p>Zusammenfassend l\u00e4sst sich festhalten, dass die Umsetzung der von der Europ\u00e4ischen Union bewilligten Investitionen eine effizientere Ressourcennutzung, eine Reduzierung der CO2-Emissionen und niedrigere Betriebskosten des Unternehmens erm\u00f6glichen wird, was dazu f\u00fchren wird, dass ein Teil der Mittel f\u00fcr die Instandhaltung der Infrastruktur verwendet wird selbst, neue Investitionen in touristische Aktivit\u00e4ten wie Investitionen in zus\u00e4tzliche Einrichtungen, neue Wohneinheiten und Infrastruktur sowie die Finanzierung anderer Unternehmenskosten, wodurch die Nachhaltigkeit <strong>des Projekts f\u00fcr einen Zeitraum von mindestens 5 Jahren nach Abschluss des Projekts sichergestellt wird.<\/strong><\/p>\n\n\n\n<p>Es wird erwartet, dass die <strong>\u00dcbertragung der Projektergebnisse<\/strong> sich auf die Mitarbeiter des Feriendorfs auswirkt, die das Bewusstsein f\u00fcr Energieeffizienz sch\u00e4rfen und die Kapazit\u00e4t f\u00fcr die Verwaltung von EU-Projekten erh\u00f6hen werden, was weitere Investitionen in Aktivit\u00e4ten nach dem Projekt und die Einreichung neuer Projekte bei bevorstehenden Ausschreibungen erm\u00f6glicht insbesondere im Bereich der Energieeffizienz. Dank der bestehenden Marketingaktivit\u00e4ten des Feriendorfs, die als energieeffizient und umweltfreundlich gef\u00f6rdert werden, und dank der im Rahmen des EU-Projekts erzielten Werbe- und Sichtbarkeitsaktivit\u00e4ten wird erwartet, dass die \u00dcbertragung der Ergebnisse sich auf den Aufenthalt der G\u00e4ste im Feriendorf auswirkt. Dar\u00fcber hinaus wird aufgrund des italienischen Eigentums von Biasuzzi S.p.A die \u00dcbertragung der Ergebnisse in Italien erwartet. Da Industrial Projects d.o.o. Durchschnittlich erscheint auf 14 internationalen Messen zu erwarten, dass im Tourismusbereich die Ergebnisse auf andere EU-Mitgliedstaaten \u00fcbertragen werden.<\/p>\n\n\n\n<p><strong>Die bedeutendste \u00dcbertragung der Projektergebnisse wird im Gebiet der Gemeinde Fa\u017eana und der Gespanschaft Istrien aufgrund der Steigerung der Energieeffizienz des Feriendorfs und der Verringerung der CO2 \u2013 Emissionen in der Region, aber auch auf der Ebene von erwartet die Republik Kroatien, angesichts des relevanten Status des energieeffizienten Feriendorfs \u201eBi Village\u201c als einer der Qualit\u00e4tsf\u00fchrer im Tourismussektor in der Republik Kroatien.<\/strong><\/p>\n\n\n\n<p><strong>Die erwartete Projektdurchf\u00fchrungszeit betr\u00e4gt 11 Monate bis zum 31. Mai 2020.<\/strong>\r\n<strong>Der Gesamtwert des Projekts betr\u00e4gt 6.551.430,26 Kuna.<\/strong>\r\n<strong>Die f\u00f6rderf\u00e4higen Gesamtkosten des Projekts betragen 6.474.830,26 Kuna.<\/strong>\r\n<strong>Die gew\u00e4hrte Finanzierung bel\u00e4uft sich auf 4.633.876,79 Kuna (71,57% der f\u00f6rderf\u00e4higen Kosten).<\/strong><\/p>\n\n\n\n<p><strong>Das Projekt wird von der Europ\u00e4ischen Union aus dem Europ\u00e4ischen Fonds f\u00fcr regionale Entwicklung im Rahmen des operationellen Programms Wettbewerbsf\u00e4higkeit und Koh\u00e4sion kofinanziert.<\/strong><\/p>\n\n\n\n<p><em>Der Inhalt dieses Artikels liegt in der alleinigen Veantwortung von INDUSTRIAL PROJECTS d.o.o<\/em><\/p>\n\n\n\n<div class=\"wp-block-buttons is-layout-flex wp-block-buttons-is-layout-flex\">\n<div class=\"wp-block-button advgb-dyn-64244197\"><a class=\"wp-block-button__link wp-element-button\" href=\"https:\/\/www.bivillage.com\/wp-content\/uploads\/2022\/08\/fondi-europei-bivillage.pdf\">DOWNLOAD<\/a><\/div>\n<\/div>\n\n\n\n<p>F\u00fcr weitere Informationen kontaktieren:<br><strong>Vedran Piljan<\/strong><br><a href=\"tel:&quot;003938598255752&quot;\">0039 385 98255 752<\/a><br><a href=\"mailto:bitech@bivillage.com\">bitech@bivillage.com<\/a><\/p>\n\n\n\n<p>Weitere Informationen zu <strong>EU-Mitteln:<\/strong>\r\n<a href=\"http:\/\/www.strukturnifondovi.hr\" target=\"_blank\" rel=\"noreferrer noopener\">www.strukturnifondovi.hr<\/a>\r\n<a href=\"https:\/\/strukturnifondovi.hr\/eu-fondovi\/esi-fondovi-2014-2020\/op-konkurentnost-i-kohezija\/\" target=\"_blank\" rel=\"noreferrer noopener\" class=\"broken_link\">Programma operativo per la competitivit\u00e0 e la coesione 2014-2020<\/a><\/p>\n\n<\/div>\n<\/div><\/div>","protected":false},"excerpt":{"rendered":"","protected":false},"author":1,"featured_media":5190,"parent":0,"menu_order":0,"comment_status":"closed","ping_status":"closed","template":"","meta":{"_acf_changed":false,"advgb_blocks_editor_width":"","advgb_blocks_columns_visual_guide":"","footnotes":""},"class_list":["post-9597","page","type-page","status-publish","has-post-thumbnail","hentry","entry"],"acf":[],"yoast_head":"<!-- This site is optimized with the Yoast SEO plugin v26.0 - https:\/\/yoast.com\/wordpress\/plugins\/seo\/ -->\n<title>EU Projekt - BiVillage<\/title>\n<meta name=\"robots\" content=\"index, follow, max-snippet:-1, max-image-preview:large, max-video-preview:-1\" \/>\n<link rel=\"canonical\" href=\"https:\/\/www.bivillage.com\/de\/eu-projekt\/\" \/>\n<meta property=\"og:locale\" content=\"de_DE\" \/>\n<meta property=\"og:type\" content=\"article\" \/>\n<meta property=\"og:title\" content=\"EU Projekt - BiVillage\" \/>\n<meta property=\"og:url\" content=\"https:\/\/www.bivillage.com\/de\/eu-projekt\/\" \/>\n<meta property=\"og:site_name\" content=\"BiVillage\" \/>\n<meta property=\"article:publisher\" content=\"https:\/\/www.facebook.com\/BiVillageHolidayCenter\/\" \/>\n<meta property=\"article:modified_time\" content=\"2023-03-06T16:37:01+00:00\" \/>\n<meta property=\"og:image\" content=\"https:\/\/www.bivillage.com\/wp-content\/uploads\/2022\/08\/spiaggia-bivillage-croazia-banner.jpg\" \/>\n\t<meta property=\"og:image:width\" content=\"1920\" \/>\n\t<meta property=\"og:image:height\" content=\"1000\" \/>\n\t<meta property=\"og:image:type\" content=\"image\/jpeg\" \/>\n<meta name=\"twitter:card\" content=\"summary_large_image\" \/>\n<meta name=\"twitter:label1\" content=\"Gesch\u00e4tzte Lesezeit\" \/>\n\t<meta name=\"twitter:data1\" content=\"9\u00a0Minuten\" \/>\n<script type=\"application\/ld+json\" class=\"yoast-schema-graph\">{\"@context\":\"https:\/\/schema.org\",\"@graph\":[{\"@type\":\"WebPage\",\"@id\":\"https:\/\/www.bivillage.com\/de\/eu-projekt\/\",\"url\":\"https:\/\/www.bivillage.com\/de\/eu-projekt\/\",\"name\":\"EU Projekt - BiVillage\",\"isPartOf\":{\"@id\":\"https:\/\/www.bivillage.com\/de\/#website\"},\"primaryImageOfPage\":{\"@id\":\"https:\/\/www.bivillage.com\/de\/eu-projekt\/#primaryimage\"},\"image\":{\"@id\":\"https:\/\/www.bivillage.com\/de\/eu-projekt\/#primaryimage\"},\"thumbnailUrl\":\"https:\/\/www.bivillage.com\/wp-content\/uploads\/2022\/08\/spiaggia-bivillage-croazia-banner.jpg\",\"datePublished\":\"2022-10-20T11:07:35+00:00\",\"dateModified\":\"2023-03-06T16:37:01+00:00\",\"breadcrumb\":{\"@id\":\"https:\/\/www.bivillage.com\/de\/eu-projekt\/#breadcrumb\"},\"inLanguage\":\"de\",\"potentialAction\":[{\"@type\":\"ReadAction\",\"target\":[\"https:\/\/www.bivillage.com\/de\/eu-projekt\/\"]}]},{\"@type\":\"ImageObject\",\"inLanguage\":\"de\",\"@id\":\"https:\/\/www.bivillage.com\/de\/eu-projekt\/#primaryimage\",\"url\":\"https:\/\/www.bivillage.com\/wp-content\/uploads\/2022\/08\/spiaggia-bivillage-croazia-banner.jpg\",\"contentUrl\":\"https:\/\/www.bivillage.com\/wp-content\/uploads\/2022\/08\/spiaggia-bivillage-croazia-banner.jpg\",\"width\":1920,\"height\":1000,\"caption\":\"foto panoramica del lungomare di Fazana in Croazia\"},{\"@type\":\"BreadcrumbList\",\"@id\":\"https:\/\/www.bivillage.com\/de\/eu-projekt\/#breadcrumb\",\"itemListElement\":[{\"@type\":\"ListItem\",\"position\":1,\"name\":\"Home\",\"item\":\"https:\/\/www.bivillage.com\/de\/\"},{\"@type\":\"ListItem\",\"position\":2,\"name\":\"EU Projekt\"}]},{\"@type\":\"WebSite\",\"@id\":\"https:\/\/www.bivillage.com\/de\/#website\",\"url\":\"https:\/\/www.bivillage.com\/de\/\",\"name\":\"BiVillage\",\"description\":\"Fasana, ISTRIA\",\"publisher\":{\"@id\":\"https:\/\/www.bivillage.com\/de\/#organization\"},\"potentialAction\":[{\"@type\":\"SearchAction\",\"target\":{\"@type\":\"EntryPoint\",\"urlTemplate\":\"https:\/\/www.bivillage.com\/de\/?s={search_term_string}\"},\"query-input\":{\"@type\":\"PropertyValueSpecification\",\"valueRequired\":true,\"valueName\":\"search_term_string\"}}],\"inLanguage\":\"de\"},{\"@type\":\"Organization\",\"@id\":\"https:\/\/www.bivillage.com\/de\/#organization\",\"name\":\"BiVillage\",\"alternateName\":\"bivillage\",\"url\":\"https:\/\/www.bivillage.com\/de\/\",\"logo\":{\"@type\":\"ImageObject\",\"inLanguage\":\"de\",\"@id\":\"https:\/\/www.bivillage.com\/de\/#\/schema\/logo\/image\/\",\"url\":\"https:\/\/www.bivillage.com\/wp-content\/uploads\/2022\/04\/logo-bivillage.png\",\"contentUrl\":\"https:\/\/www.bivillage.com\/wp-content\/uploads\/2022\/04\/logo-bivillage.png\",\"width\":973,\"height\":340,\"caption\":\"BiVillage\"},\"image\":{\"@id\":\"https:\/\/www.bivillage.com\/de\/#\/schema\/logo\/image\/\"},\"sameAs\":[\"https:\/\/www.facebook.com\/BiVillageHolidayCenter\/\",\"https:\/\/www.instagram.com\/bivillage_holidayresort\/\",\"https:\/\/www.youtube.com\/channel\/UCu0whYLFWz1DQK-xiTLIuVw\",\"https:\/\/www.tiktok.com\/@bivillage\"]}]}<\/script>\n<!-- \/ Yoast SEO plugin. -->","yoast_head_json":{"title":"EU Projekt - BiVillage","robots":{"index":"index","follow":"follow","max-snippet":"max-snippet:-1","max-image-preview":"max-image-preview:large","max-video-preview":"max-video-preview:-1"},"canonical":"https:\/\/www.bivillage.com\/de\/eu-projekt\/","og_locale":"de_DE","og_type":"article","og_title":"EU Projekt - BiVillage","og_url":"https:\/\/www.bivillage.com\/de\/eu-projekt\/","og_site_name":"BiVillage","article_publisher":"https:\/\/www.facebook.com\/BiVillageHolidayCenter\/","article_modified_time":"2023-03-06T16:37:01+00:00","og_image":[{"width":1920,"height":1000,"url":"https:\/\/www.bivillage.com\/wp-content\/uploads\/2022\/08\/spiaggia-bivillage-croazia-banner.jpg","type":"image\/jpeg"}],"twitter_card":"summary_large_image","twitter_misc":{"Gesch\u00e4tzte Lesezeit":"9\u00a0Minuten"},"schema":{"@context":"https:\/\/schema.org","@graph":[{"@type":"WebPage","@id":"https:\/\/www.bivillage.com\/de\/eu-projekt\/","url":"https:\/\/www.bivillage.com\/de\/eu-projekt\/","name":"EU Projekt - BiVillage","isPartOf":{"@id":"https:\/\/www.bivillage.com\/de\/#website"},"primaryImageOfPage":{"@id":"https:\/\/www.bivillage.com\/de\/eu-projekt\/#primaryimage"},"image":{"@id":"https:\/\/www.bivillage.com\/de\/eu-projekt\/#primaryimage"},"thumbnailUrl":"https:\/\/www.bivillage.com\/wp-content\/uploads\/2022\/08\/spiaggia-bivillage-croazia-banner.jpg","datePublished":"2022-10-20T11:07:35+00:00","dateModified":"2023-03-06T16:37:01+00:00","breadcrumb":{"@id":"https:\/\/www.bivillage.com\/de\/eu-projekt\/#breadcrumb"},"inLanguage":"de","potentialAction":[{"@type":"ReadAction","target":["https:\/\/www.bivillage.com\/de\/eu-projekt\/"]}]},{"@type":"ImageObject","inLanguage":"de","@id":"https:\/\/www.bivillage.com\/de\/eu-projekt\/#primaryimage","url":"https:\/\/www.bivillage.com\/wp-content\/uploads\/2022\/08\/spiaggia-bivillage-croazia-banner.jpg","contentUrl":"https:\/\/www.bivillage.com\/wp-content\/uploads\/2022\/08\/spiaggia-bivillage-croazia-banner.jpg","width":1920,"height":1000,"caption":"foto panoramica del lungomare di Fazana in Croazia"},{"@type":"BreadcrumbList","@id":"https:\/\/www.bivillage.com\/de\/eu-projekt\/#breadcrumb","itemListElement":[{"@type":"ListItem","position":1,"name":"Home","item":"https:\/\/www.bivillage.com\/de\/"},{"@type":"ListItem","position":2,"name":"EU Projekt"}]},{"@type":"WebSite","@id":"https:\/\/www.bivillage.com\/de\/#website","url":"https:\/\/www.bivillage.com\/de\/","name":"BiVillage","description":"Fasana, ISTRIA","publisher":{"@id":"https:\/\/www.bivillage.com\/de\/#organization"},"potentialAction":[{"@type":"SearchAction","target":{"@type":"EntryPoint","urlTemplate":"https:\/\/www.bivillage.com\/de\/?s={search_term_string}"},"query-input":{"@type":"PropertyValueSpecification","valueRequired":true,"valueName":"search_term_string"}}],"inLanguage":"de"},{"@type":"Organization","@id":"https:\/\/www.bivillage.com\/de\/#organization","name":"BiVillage","alternateName":"bivillage","url":"https:\/\/www.bivillage.com\/de\/","logo":{"@type":"ImageObject","inLanguage":"de","@id":"https:\/\/www.bivillage.com\/de\/#\/schema\/logo\/image\/","url":"https:\/\/www.bivillage.com\/wp-content\/uploads\/2022\/04\/logo-bivillage.png","contentUrl":"https:\/\/www.bivillage.com\/wp-content\/uploads\/2022\/04\/logo-bivillage.png","width":973,"height":340,"caption":"BiVillage"},"image":{"@id":"https:\/\/www.bivillage.com\/de\/#\/schema\/logo\/image\/"},"sameAs":["https:\/\/www.facebook.com\/BiVillageHolidayCenter\/","https:\/\/www.instagram.com\/bivillage_holidayresort\/","https:\/\/www.youtube.com\/channel\/UCu0whYLFWz1DQK-xiTLIuVw","https:\/\/www.tiktok.com\/@bivillage"]}]}},"coauthors":[],"author_meta":{"author_link":"https:\/\/www.bivillage.com\/de\/news\/author\/admin\/","display_name":"admin"},"relative_dates":{"created":"Posted 4\u00a0Jahren ago","modified":"Updated 3\u00a0Jahren ago"},"absolute_dates":{"created":"Posted on Oktober 20, 2022","modified":"Updated on M\u00e4rz 6, 2023"},"absolute_dates_time":{"created":"Posted on Oktober 20, 2022 1:07 p.m.","modified":"Updated on M\u00e4rz 6, 2023 5:37 p.m."},"featured_img_caption":"","featured_img":"https:\/\/www.bivillage.com\/wp-content\/uploads\/2022\/08\/spiaggia-bivillage-croazia-banner-1568x817.jpg","series_order":"","_links":{"self":[{"href":"https:\/\/www.bivillage.com\/de\/wp-json\/wp\/v2\/pages\/9597","targetHints":{"allow":["GET"]}}],"collection":[{"href":"https:\/\/www.bivillage.com\/de\/wp-json\/wp\/v2\/pages"}],"about":[{"href":"https:\/\/www.bivillage.com\/de\/wp-json\/wp\/v2\/types\/page"}],"author":[{"embeddable":true,"href":"https:\/\/www.bivillage.com\/de\/wp-json\/wp\/v2\/users\/1"}],"replies":[{"embeddable":true,"href":"https:\/\/www.bivillage.com\/de\/wp-json\/wp\/v2\/comments?post=9597"}],"version-history":[{"count":0,"href":"https:\/\/www.bivillage.com\/de\/wp-json\/wp\/v2\/pages\/9597\/revisions"}],"wp:featuredmedia":[{"embeddable":true,"href":"https:\/\/www.bivillage.com\/de\/wp-json\/wp\/v2\/media\/5190"}],"wp:attachment":[{"href":"https:\/\/www.bivillage.com\/de\/wp-json\/wp\/v2\/media?parent=9597"}],"curies":[{"name":"wp","href":"https:\/\/api.w.org\/{rel}","templated":true}]}}